{"id":547,"date":"2022-06-06T21:21:14","date_gmt":"2022-06-06T19:21:14","guid":{"rendered":"https:\/\/www.audeux.eu\/?page_id=547"},"modified":"2022-06-06T21:26:04","modified_gmt":"2022-06-06T19:26:04","slug":"urbanisme-travaux","status":"publish","type":"page","link":"https:\/\/www.audeux.eu\/index.php\/urbanisme-travaux\/","title":{"rendered":"Urbanisme &#8211; Travaux"},"content":{"rendered":"\n<h2><strong> Documents relatifs au PLU \u00a0(Plan Local d&rsquo;Urbanisme)\u00a0 <\/strong><\/h2>\n\n\n\n<li><span><a download=\"\" href=\"https:\/\/www.audeux.eu\/wp-content\/uploads\/2020\/10\/annonce-l\u00e9gale-du-16-ao\u00fbt-est-r\u00e9publicain.pdf\">annonce l\u00e9gale du 16 ao\u00fbt est r\u00e9publicain<\/a><\/span><\/li>\n<li><span><a download=\"\" href=\"https:\/\/www.audeux.eu\/wp-content\/uploads\/2020\/10\/annonce-l\u00e9gale-du-16-ao\u00fbt-Terre-de-chez-nous.pdf\">annonce l\u00e9gale du 16 ao\u00fbt Terre de chez nous<\/a><\/span><\/li>\n<li><span><a download=\"\" href=\"https:\/\/www.audeux.eu\/wp-content\/uploads\/2020\/10\/pi\u00e8ce-A-mention-des-textes-qui-r\u00e9gissent-lEnqu\u00eate-publique.pdf\">pi\u00e8ce A &#8211; mention des textes qui r\u00e9gissent l&rsquo;Enqu\u00eate publique<\/a><\/span><\/li>\n<li><span><a download=\"\" href=\"https:\/\/www.audeux.eu\/wp-content\/uploads\/2020\/10\/pi\u00e8ce-B-Arr\u00eate-ouverture-denqu\u00eate-publique1.pdf\">pi\u00e8ce B &#8211; Arr\u00eate ouverture d&rsquo;enqu\u00eate publique<\/a><\/span><\/li>\n<li><span><a download=\"\" href=\"https:\/\/www.audeux.eu\/wp-content\/uploads\/2020\/10\/Pi\u00e8ce-C-Avis-denqu\u00eate-publique.pdf\">Pi\u00e8ce C &#8211; Avis d&rsquo;enqu\u00eate publique<\/a><\/span><\/li>\n<li><span><a download=\"\" href=\"https:\/\/www.audeux.eu\/wp-content\/uploads\/2020\/10\/Pi\u00e8ce-D-nomination-du-commissaire-Enqueteur.pdf\">Pi\u00e8ce D &#8211; nomination du commissaire Enqueteur<\/a><\/span><\/li>\n<li><span><a download=\"\" href=\"https:\/\/www.audeux.eu\/wp-content\/uploads\/2020\/10\/Pi\u00e8ce-E-DCC-Arret-du-PLU-dAudeux.pdf\">Pi\u00e8ce E &#8211; DCC Arret du PLU d&rsquo;Audeux<\/a><\/span><\/li>\n<li><span><a download=\"\" href=\"https:\/\/www.audeux.eu\/wp-content\/uploads\/2020\/10\/Pi\u00e8ce-E-DCM-Prescription.pdf\">Pi\u00e8ce E &#8211; DCM Prescription<\/a><\/span><\/li>\n<li><span><a download=\"\" href=\"https:\/\/www.audeux.eu\/wp-content\/uploads\/2020\/10\/Pi\u00e8ce-G-avis-Chambre-agriculture.pdf\">Pi\u00e8ce G &#8211; avis Chambre agriculture<\/a><\/span><\/li>\n<li><span><a download=\"\" href=\"https:\/\/www.audeux.eu\/wp-content\/uploads\/2020\/10\/Pi\u00e8ce-G-avis-conseil-D\u00e9partemental.pdf\">Pi\u00e8ce G &#8211; avis conseil D\u00e9partemental<\/a><\/span><\/li>\n<li><span><a download=\"\" href=\"https:\/\/www.audeux.eu\/wp-content\/uploads\/2020\/10\/Pi\u00e8ce-G-Avis-ETat-DDT.pdf\">Pi\u00e8ce G &#8211; Avis ETat &#8211; DDT<\/a><\/span><\/li>\n<li><span><a download=\"\" href=\"https:\/\/www.audeux.eu\/wp-content\/uploads\/2020\/10\/Pi\u00e8ce-G-avis-SMSCoT.pdf\">Pi\u00e8ce G &#8211; avis SMSCoT<\/a><\/span><\/li>\n<li><span><a download=\"\" href=\"https:\/\/www.audeux.eu\/wp-content\/uploads\/2020\/10\/Pi\u00e8ce-H-avis-MRAE.pdf\">Pi\u00e8ce H &#8211; avis MRAE<\/a><\/span><\/li>\n<li><span><a download=\"\" href=\"https:\/\/www.audeux.eu\/wp-content\/uploads\/2020\/10\/Pi\u00e8ce-I-1-couverture-a.pdf\">Pi\u00e8ce I &#8211; 1 &#8211; couverture a<\/a><\/span><\/li>\n<li><span><a download=\"\" href=\"https:\/\/www.audeux.eu\/wp-content\/uploads\/2020\/10\/Pi\u00e8ce-I-1-couverture-b.pdf\">Pi\u00e8ce I &#8211; 1 &#8211; couverture b<\/a><\/span><\/li>\n<li><span><a download=\"\" href=\"https:\/\/www.audeux.eu\/wp-content\/uploads\/2020\/10\/Pi\u00e8ce-I-1-couverture-c.pdf\">Pi\u00e8ce I &#8211; 1 &#8211; couverture c<\/a><\/span><\/li>\n<li><span><a download=\"\" href=\"https:\/\/www.audeux.eu\/wp-content\/uploads\/2020\/10\/Pi\u00e8ce-I-2-Rapport-pr\u00e9sentation-1-et-2-Diagnostic.pdf\">Pi\u00e8ce I &#8211; 2 &#8211; Rapport pr\u00e9sentation 1 et 2 &#8211; Diagnostic<\/a><\/span><\/li>\n<li><span><a download=\"\" href=\"https:\/\/www.audeux.eu\/wp-content\/uploads\/2020\/10\/Pi\u00e8ce-I-2-Rapport-pr\u00e9sentation-3-Justifications.pdf\">Pi\u00e8ce I &#8211; 2 &#8211; Rapport pr\u00e9sentation 3 &#8211; Justifications<\/a><\/span><\/li>\n<li><span><a download=\"\" href=\"https:\/\/www.audeux.eu\/wp-content\/uploads\/2020\/10\/Pi\u00e8ce-I-2-Rapport-pr\u00e9sentation-4-Incidences.pdf\">Pi\u00e8ce I &#8211; 2 &#8211; Rapport pr\u00e9sentation 4 &#8211; Incidences<\/a><\/span><\/li>\n<li><span><a download=\"\" href=\"https:\/\/www.audeux.eu\/wp-content\/uploads\/2020\/10\/Pi\u00e8ce-I-2-Rapport-pr\u00e9sentation-5-Annexe-Zones-humides.pdf\">Pi\u00e8ce I &#8211; 2- Rapport pr\u00e9sentation 5 &#8211; Annexe Zones humides<\/a><\/span><\/li>\n<li><span><a download=\"\" href=\"https:\/\/www.audeux.eu\/wp-content\/uploads\/2020\/10\/Pi\u00e8ce-I-3-PADD.pdf\">Pi\u00e8ce I &#8211; 3 &#8211; PADD<\/a><\/span><\/li>\n<li><span><a download=\"\" href=\"https:\/\/www.audeux.eu\/wp-content\/uploads\/2020\/10\/Pi\u00e8ce-I-4-OAP.pdf\">Pi\u00e8ce I &#8211; 4 &#8211; OAP<\/a><\/span><\/li>\n<li><span><a download=\"\" href=\"https:\/\/www.audeux.eu\/wp-content\/uploads\/2020\/10\/Pi\u00e8ce-I-5-Zonage-A0.jpg\">Pi\u00e8ce I &#8211; 5 &#8211; Zonage A0<\/a><\/span><\/li>\n<li><span><a download=\"\" href=\"https:\/\/www.audeux.eu\/wp-content\/uploads\/2020\/10\/Pi\u00e8ce-I-6-Reglement-ecrit.pdf\">Pi\u00e8ce I &#8211; 6 &#8211; Reglement ecrit<\/a><\/span><\/li>\n<li><span><a download=\"\" href=\"https:\/\/www.audeux.eu\/wp-content\/uploads\/2020\/10\/Pi\u00e8ce-I-7-annexe-concertation.pdf\">Pi\u00e8ce I &#8211; 7 &#8211; annexe concertation<\/a><\/span><\/li>\n<li><span><a download=\"\" href=\"https:\/\/www.audeux.eu\/wp-content\/uploads\/2020\/10\/Pi\u00e8ce-I-7-Annexes.pdf\">Pi\u00e8ce I &#8211; 7 &#8211; Annexes<\/a><\/span><\/li>\n<li><span><a download=\"\" href=\"https:\/\/www.audeux.eu\/wp-content\/uploads\/2020\/10\/Pi\u00e8ce-I-7-bilan-concertation.pdf\">Pi\u00e8ce I &#8211; 7 &#8211; bilan concertation<\/a><\/span><\/li>\n\n\n\n<h2><strong>Permis de construire<\/strong><\/h2>\n\n\n\n<p>Vous souhaitez d\u00e9poser une demande de permis de construire<\/p>\n\n\n\n<p>Lorsqu\u2019il s\u2019agit d\u2019une maison individuelle et\/ou ses annexes, pour les autres constructions (logement collectif, exploitation agricole, \u00e9tablissement recevant du public&#8230;).<br><br><a href=\"https:\/\/www.formulaires.service-public.fr\/gf\/showFormulaireSignaletiqueConsulter.do?numCerfa=13409\">https:\/\/www.formulaires.service-public.fr\/gf\/showFormulaireSignaletiqueConsulter.do?numCerfa=13409<\/a><\/p>\n\n\n\n<p><a href=\"https:\/\/www.service-public.fr\/particuliers\/vosdroits\/F1986\">https:\/\/www.service-public.fr\/particuliers\/vosdroits\/F1986<\/a><\/p>\n\n\n\n<p>Votre demande devra \u00eatre d\u00e9pos\u00e9e en 5 exemplaires \u00e0 la mairie, accompagn\u00e9e des pi\u00e8ces \u00e0 joindre dat\u00e9es et sign\u00e9es.<\/p>\n\n\n\n<h2><strong>D\u00e9claration pr\u00e9alable<\/strong><\/h2>\n\n\n\n<p>Vous souhaitez d\u00e9poser une demande de d\u00e9claration pr\u00e9alable<\/p>\n\n\n\n<p>Utilisez ces formulaires&nbsp;:<\/p>\n\n\n\n<p>Pour une d\u00e9marche tenant \u00e0 la r\u00e9alisation de lotissements et autres divisions fonci\u00e8res non soumis \u00e0 permis d\u2019am\u00e9nager&nbsp;;<\/p>\n\n\n\n<p><a href=\"https:\/\/www.service-public.fr\/particuliers\/vosdroits\/R1995\">https:\/\/www.service-public.fr\/particuliers\/vosdroits\/R1995<\/a><\/p>\n\n\n\n<p>Pour une d\u00e9marche tenant \u00e0 la r\u00e9alisation de constructions et travaux non soumis \u00e0 permis de construire portant sur une maison individuelle et\/ou ses annexes&nbsp;;<\/p>\n\n\n\n<p>Pour une d\u00e9marche tenant \u00e0 la r\u00e9alisation de constructions, travaux, installations et am\u00e9nagements non soumis \u00e0 permis de construire comprenant ou non des d\u00e9molitions.<\/p>\n\n\n\n<p><a href=\"https:\/\/www.service-public.fr\/particuliers\/vosdroits\/F17578\">https:\/\/www.service-public.fr\/particuliers\/vosdroits\/F17578<\/a><\/p>\n\n\n\n<p>Votre demande devra \u00eatre d\u00e9pos\u00e9e en 4 exemplaires \u00e0 la mairie, accompagn\u00e9e des pi\u00e8ces \u00e0 joindre dat\u00e9es et sign\u00e9es.<\/p>\n\n\n\n<h2><strong>Certificat d\u2019urbanisme<\/strong><\/h2>\n\n\n\n<p>Vous souhaitez d\u00e9poser une demande de Certificat d\u2019urbanisme<\/p>\n\n\n\n<p><a href=\"https:\/\/www.service-public.fr\/particuliers\/vosdroits\/N319\">https:\/\/www.service-public.fr\/particuliers\/vosdroits\/N319<\/a><\/p>\n\n\n\n<p>Votre demande devra \u00eatre d\u00e9pos\u00e9e en 2 exemplaires \u00e0 la mairie, accompagn\u00e9e des pi\u00e8ces \u00e0 joindre dat\u00e9es et sign\u00e9es lorsqu\u2019il s\u2019agit d\u2019un certificat d\u2019urbanisme informatif.<\/p>\n\n\n\n<p>Votre demande devra \u00eatre d\u00e9pos\u00e9e en 4 exemplaires \u00e0 la mairie, accompagn\u00e9e des pi\u00e8ces \u00e0 joindre dat\u00e9es et sign\u00e9es lorsqu\u2019il s\u2019agit d\u2019un certificat d\u2019urbanisme op\u00e9rationnel.<\/p>\n","protected":false},"excerpt":{"rendered":"<p>Documents relatifs au PLU \u00a0(Plan Local d&rsquo;Urbanisme)\u00a0 annonce l\u00e9gale du 16 ao\u00fbt est r\u00e9publicain annonce l\u00e9gale du 16 ao\u00fbt Terre de chez nous pi\u00e8ce A &#8211; mention des textes qui r\u00e9gissent l&rsquo;Enqu\u00eate publique pi\u00e8ce B &#8211; Arr\u00eate ouverture d&rsquo;enqu\u00eate publique Pi\u00e8ce C &#8211; Avis d&rsquo;enqu\u00eate publique Pi\u00e8ce D &#8211; nomination du commissaire Enqueteur Pi\u00e8ce E &hellip; <\/p>\n<p class=\"link-more\"><a href=\"https:\/\/www.audeux.eu\/index.php\/urbanisme-travaux\/\" class=\"more-link\">Continuer la lecture<span class=\"screen-reader-text\"> de &laquo;&nbsp;Urbanisme &#8211; Travaux&nbsp;&raquo;<\/span><\/a><\/p>\n","protected":false},"author":1,"featured_media":0,"parent":0,"menu_order":0,"comment_status":"closed","ping_status":"closed","template":"","meta":[],"folder":[],"_links":{"self":[{"href":"https:\/\/www.audeux.eu\/index.php\/wp-json\/wp\/v2\/pages\/547"}],"collection":[{"href":"https:\/\/www.audeux.eu\/index.php\/wp-json\/wp\/v2\/pages"}],"about":[{"href":"https:\/\/www.audeux.eu\/index.php\/wp-json\/wp\/v2\/types\/page"}],"author":[{"embeddable":true,"href":"https:\/\/www.audeux.eu\/index.php\/wp-json\/wp\/v2\/users\/1"}],"replies":[{"embeddable":true,"href":"https:\/\/www.audeux.eu\/index.php\/wp-json\/wp\/v2\/comments?post=547"}],"version-history":[{"count":4,"href":"https:\/\/www.audeux.eu\/index.php\/wp-json\/wp\/v2\/pages\/547\/revisions"}],"predecessor-version":[{"id":554,"href":"https:\/\/www.audeux.eu\/index.php\/wp-json\/wp\/v2\/pages\/547\/revisions\/554"}],"wp:attachment":[{"href":"https:\/\/www.audeux.eu\/index.php\/wp-json\/wp\/v2\/media?parent=547"}],"wp:term":[{"taxonomy":"folder","embeddable":true,"href":"https:\/\/www.audeux.eu\/index.php\/wp-json\/wp\/v2\/folder?post=547"}],"curies":[{"name":"wp","href":"https:\/\/api.w.org\/{rel}","templated":true}]}}