{"id":760,"date":"2022-11-22T12:51:32","date_gmt":"2022-11-22T11:51:32","guid":{"rendered":"https:\/\/www.audeux.eu\/?page_id=760"},"modified":"2024-08-31T12:30:00","modified_gmt":"2024-08-31T10:30:00","slug":"bibliotheque-municipale-daudeux","status":"publish","type":"page","link":"https:\/\/www.audeux.eu\/index.php\/bibliotheque-municipale-daudeux\/","title":{"rendered":"Toute l&rsquo;actualit\u00e9 de la biblioth\u00e8que Municipale d\u2019Audeux"},"content":{"rendered":"\n<div class=\"wp-block-image\"><figure class=\"aligncenter size-large\"><img loading=\"lazy\" width=\"1024\" height=\"438\" src=\"https:\/\/www.audeux.eu\/wp-content\/uploads\/2024\/08\/Banniere_bibliotheque-1024x438.jpg\" alt=\"\" class=\"wp-image-1092\" srcset=\"https:\/\/www.audeux.eu\/wp-content\/uploads\/2024\/08\/Banniere_bibliotheque-1024x438.jpg 1024w, https:\/\/www.audeux.eu\/wp-content\/uploads\/2024\/08\/Banniere_bibliotheque-300x128.jpg 300w, https:\/\/www.audeux.eu\/wp-content\/uploads\/2024\/08\/Banniere_bibliotheque-768x328.jpg 768w, https:\/\/www.audeux.eu\/wp-content\/uploads\/2024\/08\/Banniere_bibliotheque.jpg 1529w\" sizes=\"(max-width: 706px) 89vw, (max-width: 767px) 82vw, 740px\" \/><\/figure><\/div>\n\n\n\n<div class=\"wp-block-columns\">\n<div class=\"wp-block-column\" style=\"flex-basis:66.66%\">\n<p><\/p>\n\n\n\n<p class=\"has-text-align-center\">9&nbsp;Grande Rue 25170 Audeux<br>Site :&nbsp;<a rel=\"noreferrer noopener\" href=\"http:\/\/new.mabib.fr\/audeux\/\" target=\"_blank\">http:\/\/new.mabib.fr\/audeux\/<\/a><br>Mail :&nbsp;<a rel=\"noreferrer noopener\" href=\"mailto:bibliotheque.audeux@tutanota.com\" target=\"_blank\">bibliotheque.audeux@ikmail.com<\/a><\/p>\n<\/div>\n\n\n\n<div class=\"wp-block-column\">\n<figure class=\"wp-block-image size-full\"><img loading=\"lazy\" width=\"375\" height=\"353\" src=\"https:\/\/www.audeux.eu\/wp-content\/uploads\/2024\/08\/Logo_bibliotheque-1.png\" alt=\"\" class=\"wp-image-1094\" srcset=\"https:\/\/www.audeux.eu\/wp-content\/uploads\/2024\/08\/Logo_bibliotheque-1.png 375w, https:\/\/www.audeux.eu\/wp-content\/uploads\/2024\/08\/Logo_bibliotheque-1-300x282.png 300w\" sizes=\"(max-width: 375px) 100vw, 375px\" \/><\/figure>\n<\/div>\n\n\n\n<div class=\"wp-block-column\" style=\"flex-basis:33px\"><\/div>\n<\/div>\n\n\n<ul class=\"wp-block-latest-posts__list has-dates wp-block-latest-posts\"><li><a href=\"https:\/\/www.audeux.eu\/index.php\/2025\/09\/30\/nouvelle-selection-a-bibliotheque-la-patisserie\/\">NOUVELLE S\u00c9LECTION \u00c0 LA BIBLIOTH\u00c8QUE :                      LA P\u00c2TISSERIE<\/a><time datetime=\"2025-09-30T11:56:11+02:00\" class=\"wp-block-latest-posts__post-date\">30 septembre 2025<\/time><div class=\"wp-block-latest-posts__post-full-content\"><!-- wp:paragraph {\"align\":\"center\"} -->\n<p class=\"has-text-align-center\"><strong>Pour petits et grands<\/strong><\/p>\n<!-- \/wp:paragraph -->\n\n<!-- wp:image {\"align\":\"center\",\"id\":1239,\"width\":512,\"height\":512,\"sizeSlug\":\"large\",\"linkDestination\":\"none\"} -->\n<div class=\"wp-block-image\"><figure class=\"aligncenter size-large is-resized\"><img loading=\"lazy\" src=\"https:\/\/www.audeux.eu\/wp-content\/uploads\/2025\/09\/Instagram-passion-patisserie-1024x1024.jpg\" alt=\"\" class=\"wp-image-1239\" width=\"512\" height=\"512\" srcset=\"https:\/\/www.audeux.eu\/wp-content\/uploads\/2025\/09\/Instagram-passion-patisserie-1024x1024.jpg 1024w, https:\/\/www.audeux.eu\/wp-content\/uploads\/2025\/09\/Instagram-passion-patisserie-300x300.jpg 300w, https:\/\/www.audeux.eu\/wp-content\/uploads\/2025\/09\/Instagram-passion-patisserie-150x150.jpg 150w, https:\/\/www.audeux.eu\/wp-content\/uploads\/2025\/09\/Instagram-passion-patisserie-768x768.jpg 768w, https:\/\/www.audeux.eu\/wp-content\/uploads\/2025\/09\/Instagram-passion-patisserie-100x100.jpg 100w, https:\/\/www.audeux.eu\/wp-content\/uploads\/2025\/09\/Instagram-passion-patisserie.jpg 1080w\" sizes=\"(max-width: 512px) 100vw, 512px\" \/><\/figure><\/div>\n<!-- \/wp:image --><\/div><\/li>\n<li><a href=\"https:\/\/www.audeux.eu\/index.php\/2025\/06\/20\/horaires-vacances-dete\/\">HORAIRES VACANCES D&rsquo;\u00c9T\u00c9<\/a><time datetime=\"2025-06-20T17:38:55+02:00\" class=\"wp-block-latest-posts__post-date\">20 juin 2025<\/time><div class=\"wp-block-latest-posts__post-full-content\"><!-- wp:paragraph -->\n<p><\/p>\n<!-- \/wp:paragraph -->\n\n<!-- wp:paragraph -->\n<p>Mercredis 2 et 9 juillet\u00a0<\/p>\n<!-- \/wp:paragraph -->\n\n<!-- wp:paragraph -->\n<p>Mercredis 20 et 27 ao\u00fbt\u00a0<\/p>\n<!-- \/wp:paragraph -->\n\n<!-- wp:paragraph -->\n<p>De 10h \u00e0 12 h<\/p>\n<!-- \/wp:paragraph -->\n\n<!-- wp:paragraph -->\n<p><strong>FERMETURE DU 14 JUILLET AU 13 AO\u00dbT<\/strong><\/p>\n<!-- \/wp:paragraph -->\n\n<!-- wp:image {\"align\":\"left\",\"id\":1231,\"width\":188,\"height\":177,\"sizeSlug\":\"full\",\"linkDestination\":\"none\"} -->\n<div class=\"wp-block-image\"><figure class=\"alignleft size-full is-resized\"><img loading=\"lazy\" src=\"https:\/\/www.audeux.eu\/wp-content\/uploads\/2025\/06\/Logo.png\" alt=\"\" class=\"wp-image-1231\" width=\"188\" height=\"177\" srcset=\"https:\/\/www.audeux.eu\/wp-content\/uploads\/2025\/06\/Logo.png 375w, https:\/\/www.audeux.eu\/wp-content\/uploads\/2025\/06\/Logo-300x282.png 300w\" sizes=\"(max-width: 188px) 100vw, 188px\" \/><\/figure><\/div>\n<!-- \/wp:image --><\/div><\/li>\n<li><a href=\"https:\/\/www.audeux.eu\/index.php\/2025\/03\/12\/%f0%9f%93%9aurgent-la-bibliotheque-daudeux-a-besoin-de-vous\/\">\ud83d\udcdaURGENT ! La Biblioth\u00e8que d&rsquo;Audeux a besoin de vous<\/a><time datetime=\"2025-03-12T16:32:19+01:00\" class=\"wp-block-latest-posts__post-date\">12 mars 2025<\/time><div class=\"wp-block-latest-posts__post-full-content\"><!-- wp:paragraph -->\n<p><span class=\"has-inline-color has-black-color\"><strong>Et si vous deveniez\u00a0B\u00c9N\u00c9VOLE\u00a0\u00e0 la BIBLIOTH\u00c8QUE\u00a0!<\/strong><\/span><\/p>\n<!-- \/wp:paragraph -->\n\n<!-- wp:paragraph -->\n<p><em><span style=\"color:#e6007e\" class=\"has-inline-color\">Vous avez un peu de\u00a0temps libre<\/span><\/em> (1 fois semaine, par mois, ponctuellement),\u00a0<\/p>\n<!-- \/wp:paragraph -->\n\n<!-- wp:paragraph -->\n<p><span style=\"color:#29b8ce\" class=\"has-inline-color\"><em>Vous aimez rencontrer du monde,<\/em><\/span><\/p>\n<!-- \/wp:paragraph -->\n\n<!-- wp:paragraph -->\n<p><span style=\"color:#fdc300\" class=\"has-inline-color\"><em>Vous aimez \u00eatre entour\u00e9 de livres,<\/em><\/span><\/p>\n<!-- \/wp:paragraph -->\n\n<!-- wp:paragraph -->\n<p><strong>Venez nous rejoindre\u00a0pour nous aider \u00e0 garder nos horaires d&rsquo;ouverture !<\/strong><\/p>\n<!-- \/wp:paragraph -->\n\n<!-- wp:paragraph -->\n<p>Renseignez-vous \u00e0 la biblioth\u00e8que <\/p>\n<!-- \/wp:paragraph -->\n\n<!-- wp:paragraph -->\n<p>ou contactez Alexandra au 0629436706 <\/p>\n<!-- \/wp:paragraph --><\/div><\/li>\n<li><a href=\"https:\/\/www.audeux.eu\/index.php\/2025\/02\/26\/ouverture-de-la-bibliotheque-pendant-les-vacances-dhiver-3\/\">OUVERTURE DE LA BIBLIOTH\u00c8QUE PENDANT LES VACANCES D&rsquo;HIVER<\/a><time datetime=\"2025-02-26T09:28:16+01:00\" class=\"wp-block-latest-posts__post-date\">26 f\u00e9vrier 2025<\/time><div class=\"wp-block-latest-posts__post-full-content\"><!-- wp:image {\"id\":1185,\"sizeSlug\":\"large\",\"linkDestination\":\"none\"} -->\n<figure class=\"wp-block-image size-large\"><img loading=\"lazy\" width=\"1024\" height=\"724\" src=\"https:\/\/www.audeux.eu\/wp-content\/uploads\/2025\/02\/Horaires-vacances-hiver-2025-1024x724.jpg\" alt=\"\" class=\"wp-image-1185\" srcset=\"https:\/\/www.audeux.eu\/wp-content\/uploads\/2025\/02\/Horaires-vacances-hiver-2025-1024x724.jpg 1024w, https:\/\/www.audeux.eu\/wp-content\/uploads\/2025\/02\/Horaires-vacances-hiver-2025-300x212.jpg 300w, https:\/\/www.audeux.eu\/wp-content\/uploads\/2025\/02\/Horaires-vacances-hiver-2025-768x543.jpg 768w, https:\/\/www.audeux.eu\/wp-content\/uploads\/2025\/02\/Horaires-vacances-hiver-2025.jpg 1122w\" sizes=\"(max-width: 706px) 89vw, (max-width: 767px) 82vw, 740px\" \/><\/figure>\n<!-- \/wp:image --><\/div><\/li>\n<li><a href=\"https:\/\/www.audeux.eu\/index.php\/2025\/01\/05\/modification-horaires-le-mercredi-jusquau-31-mars\/\">MODIFICATION DES HORAIRES DE LA BIBLIOTH\u00c8QUE DU MERCREDI JUSQU&rsquo;AU 29 JUIN<\/a><time datetime=\"2025-01-05T19:01:42+01:00\" class=\"wp-block-latest-posts__post-date\">5 janvier 2025<\/time><div class=\"wp-block-latest-posts__post-full-content\"><!-- wp:paragraph -->\n<p><strong><span class=\"has-inline-color has-vivid-red-color\">10h \u00e0 12h<\/span><\/strong><\/p>\n<!-- \/wp:paragraph --><\/div><\/li>\n<li><a href=\"https:\/\/www.audeux.eu\/index.php\/2025\/01\/05\/%e2%9c%a8bonne-annee-2025%e2%9c%a8\/\">\u2728 \u2728<\/a><time datetime=\"2025-01-05T18:49:59+01:00\" class=\"wp-block-latest-posts__post-date\">5 janvier 2025<\/time><div class=\"wp-block-latest-posts__post-full-content\"><!-- wp:image {\"id\":1169,\"width\":529,\"height\":529,\"sizeSlug\":\"large\",\"linkDestination\":\"none\"} -->\n<figure class=\"wp-block-image size-large is-resized\"><img loading=\"lazy\" src=\"https:\/\/www.audeux.eu\/wp-content\/uploads\/2025\/01\/Bonne_Annee_2025_instagram-1024x1024.jpg\" alt=\"\" class=\"wp-image-1169\" width=\"529\" height=\"529\" srcset=\"https:\/\/www.audeux.eu\/wp-content\/uploads\/2025\/01\/Bonne_Annee_2025_instagram-1024x1024.jpg 1024w, https:\/\/www.audeux.eu\/wp-content\/uploads\/2025\/01\/Bonne_Annee_2025_instagram-300x300.jpg 300w, https:\/\/www.audeux.eu\/wp-content\/uploads\/2025\/01\/Bonne_Annee_2025_instagram-150x150.jpg 150w, https:\/\/www.audeux.eu\/wp-content\/uploads\/2025\/01\/Bonne_Annee_2025_instagram-768x768.jpg 768w, https:\/\/www.audeux.eu\/wp-content\/uploads\/2025\/01\/Bonne_Annee_2025_instagram-100x100.jpg 100w, https:\/\/www.audeux.eu\/wp-content\/uploads\/2025\/01\/Bonne_Annee_2025_instagram.jpg 1080w\" sizes=\"(max-width: 529px) 100vw, 529px\" \/><\/figure>\n<!-- \/wp:image --><\/div><\/li>\n<li><a href=\"https:\/\/www.audeux.eu\/index.php\/2024\/12\/09\/%e2%9c%a8ouverture-bibliotheque-vacances-noel-%e2%98%83%ef%b8%8f\/\">\u2728OUVERTURE BIBLIOTH\u00c8QUE VACANCES NO\u00cbL \u2603\ufe0f<\/a><time datetime=\"2024-12-09T11:19:10+01:00\" class=\"wp-block-latest-posts__post-date\">9 d\u00e9cembre 2024<\/time><div class=\"wp-block-latest-posts__post-full-content\"><!-- wp:paragraph -->\n<p>\ud83c\udf84 Jeudi 26 d\u00e9cembre \u00a0 10h \u00e0 12h \/ 14h \u00e0 16h  \ud83c\udf85 <\/p>\n<!-- \/wp:paragraph --><\/div><\/li>\n<li><a href=\"https:\/\/www.audeux.eu\/index.php\/2024\/12\/09\/les-livres-de-noel-sont-arrives-2\/\">\ud83c\udf85LES LIVRES \ud83c\udf84DE NO\u00cbL \u2728SONT ARRIV\u00c9S\u2603\ufe0f<\/a><time datetime=\"2024-12-09T11:12:00+01:00\" class=\"wp-block-latest-posts__post-date\">9 d\u00e9cembre 2024<\/time><div class=\"wp-block-latest-posts__post-full-content\"><!-- wp:image {\"id\":1151,\"sizeSlug\":\"large\",\"linkDestination\":\"none\"} -->\n<figure class=\"wp-block-image size-large\"><img loading=\"lazy\" width=\"1024\" height=\"724\" src=\"https:\/\/www.audeux.eu\/wp-content\/uploads\/2024\/12\/Affiche-arrivee-livres-de-Noel-1-1024x724.jpg\" alt=\"\" class=\"wp-image-1151\" srcset=\"https:\/\/www.audeux.eu\/wp-content\/uploads\/2024\/12\/Affiche-arrivee-livres-de-Noel-1-1024x724.jpg 1024w, https:\/\/www.audeux.eu\/wp-content\/uploads\/2024\/12\/Affiche-arrivee-livres-de-Noel-1-300x212.jpg 300w, https:\/\/www.audeux.eu\/wp-content\/uploads\/2024\/12\/Affiche-arrivee-livres-de-Noel-1-768x543.jpg 768w, https:\/\/www.audeux.eu\/wp-content\/uploads\/2024\/12\/Affiche-arrivee-livres-de-Noel-1-1536x1086.jpg 1536w, https:\/\/www.audeux.eu\/wp-content\/uploads\/2024\/12\/Affiche-arrivee-livres-de-Noel-1.jpg 2000w\" sizes=\"(max-width: 706px) 89vw, (max-width: 767px) 82vw, 740px\" \/><\/figure>\n<!-- \/wp:image --><\/div><\/li>\n<li><a href=\"https:\/\/www.audeux.eu\/index.php\/2024\/12\/09\/les-livres-de-noel-sont-arrives\/\">NOUVEAU : UN ESPACE EJA<\/a><time datetime=\"2024-12-09T11:01:35+01:00\" class=\"wp-block-latest-posts__post-date\">9 d\u00e9cembre 2024<\/time><div class=\"wp-block-latest-posts__post-full-content\"><!-- wp:image {\"id\":1142,\"sizeSlug\":\"large\",\"linkDestination\":\"none\"} -->\n<figure class=\"wp-block-image size-large\"><img loading=\"lazy\" width=\"1024\" height=\"724\" src=\"https:\/\/www.audeux.eu\/wp-content\/uploads\/2024\/12\/EJA-1024x724.jpg\" alt=\"\" class=\"wp-image-1142\" srcset=\"https:\/\/www.audeux.eu\/wp-content\/uploads\/2024\/12\/EJA-1024x724.jpg 1024w, https:\/\/www.audeux.eu\/wp-content\/uploads\/2024\/12\/EJA-300x212.jpg 300w, https:\/\/www.audeux.eu\/wp-content\/uploads\/2024\/12\/EJA-768x543.jpg 768w, https:\/\/www.audeux.eu\/wp-content\/uploads\/2024\/12\/EJA-1536x1086.jpg 1536w, https:\/\/www.audeux.eu\/wp-content\/uploads\/2024\/12\/EJA.jpg 2000w\" sizes=\"(max-width: 706px) 89vw, (max-width: 767px) 82vw, 740px\" \/><\/figure>\n<!-- \/wp:image --><\/div><\/li>\n<li><a href=\"https:\/\/www.audeux.eu\/index.php\/2024\/12\/09\/1129\/\">NOUVEAUT\u00c9S<\/a><time datetime=\"2024-12-09T10:57:49+01:00\" class=\"wp-block-latest-posts__post-date\">9 d\u00e9cembre 2024<\/time><div class=\"wp-block-latest-posts__post-full-content\"><!-- wp:image {\"id\":1145,\"sizeSlug\":\"large\",\"linkDestination\":\"none\"} -->\n<figure class=\"wp-block-image size-large\"><img loading=\"lazy\" width=\"1024\" height=\"467\" src=\"https:\/\/www.audeux.eu\/wp-content\/uploads\/2024\/12\/Affiche-site_audeux-bib_magie-tv-COPIE-1024x467.jpg\" alt=\"\" class=\"wp-image-1145\" srcset=\"https:\/\/www.audeux.eu\/wp-content\/uploads\/2024\/12\/Affiche-site_audeux-bib_magie-tv-COPIE-1024x467.jpg 1024w, https:\/\/www.audeux.eu\/wp-content\/uploads\/2024\/12\/Affiche-site_audeux-bib_magie-tv-COPIE-300x137.jpg 300w, https:\/\/www.audeux.eu\/wp-content\/uploads\/2024\/12\/Affiche-site_audeux-bib_magie-tv-COPIE-768x350.jpg 768w, https:\/\/www.audeux.eu\/wp-content\/uploads\/2024\/12\/Affiche-site_audeux-bib_magie-tv-COPIE.jpg 1122w\" sizes=\"(max-width: 706px) 89vw, (max-width: 767px) 82vw, 740px\" \/><\/figure>\n<!-- \/wp:image -->\n\n<!-- wp:paragraph {\"align\":\"center\"} -->\n<p class=\"has-text-align-center\">Des albums\u00a0jeunesse acquis d\u00e9but 2024, pour partager la magie de la lecture.<\/p>\n<!-- \/wp:paragraph -->\n\n<!-- wp:paragraph {\"align\":\"center\"} -->\n<p class=\"has-text-align-center\">Des s\u00e9ries TV avec Le Capitaine Marleau,\u00a0une capitaine de gendarmerie qui d\u00e9tonne par son franc-parler, sa gouaille et son accent ch&rsquo;ti &#8211; Chernobyl, 26 avril 1986, l&rsquo;histoire vraie de la pire catastrophe caus\u00e9e par l&rsquo;homme et de ceux qui ont sacrifi\u00e9 leur vie pour sauver l&rsquo;Europe du drame. Et bien d&rsquo;autres\u2026<\/p>\n<!-- \/wp:paragraph -->\n\n<!-- wp:paragraph {\"align\":\"center\"} -->\n<p class=\"has-text-align-center\">Une nouvelle s\u00e9lection d&rsquo;ouvrages pour la\u00a0petite enfance,\u00a0des livres en tissus, cartons et autres, accompagn\u00e9 de livres adultes, d&rsquo;un petit cheval \u00e0 bascule.<\/p>\n<!-- \/wp:paragraph --><\/div><\/li>\n<li><a href=\"https:\/\/www.audeux.eu\/index.php\/2024\/10\/22\/ouverture-de-la-bibliotheque-pendant-les-vacances-de-la-toussaint\/\">OUVERTURE DE LA BIBLIOTHEQUE PENDANT LES VACANCES DE LA TOUSSAINT<\/a><time datetime=\"2024-10-22T10:28:56+02:00\" class=\"wp-block-latest-posts__post-date\">22 octobre 2024<\/time><div class=\"wp-block-latest-posts__post-full-content\"><!-- wp:paragraph -->\n<p><strong>mercredi 23 et 30 octobre<\/strong><\/p>\n<!-- \/wp:paragraph -->\n\n<!-- wp:paragraph -->\n<p><strong>de 9h30 \u00e0 12h30<\/strong><\/p>\n<!-- \/wp:paragraph --><\/div><\/li>\n<li><a href=\"https:\/\/www.audeux.eu\/index.php\/2024\/08\/31\/%f0%9f%97%91%ef%b8%8f-exposition-a-la-bibliotheque-reduisons-nos-dechets-en-partenariat-avec-le-sybert-%f0%9f%8c%bf\/\">\ud83d\uddd1\ufe0f Exposition \u00e0 la biblioth\u00e8que : \u00ab\u00a0R\u00e9duisons nos d\u00e9chets\u00a0\u00bb en partenariat avec le SYBERT \ud83c\udf3f<\/a><time datetime=\"2024-08-31T12:42:41+02:00\" class=\"wp-block-latest-posts__post-date\">31 ao\u00fbt 2024<\/time><div class=\"wp-block-latest-posts__post-full-content\"><!-- wp:paragraph -->\n<p>\ud83d\udcc5 Du 9 septembre au 11 octobre, d\u00e9couvrez l&rsquo;exposition \u00ab\u00a0R\u00e9duisons nos d\u00e9chets\u00a0\u00bb \u00e0 la biblioth\u00e8que ! En partenariat avec le SYBERT, cette exposition vous propose des astuces et solutions pour r\u00e9duire vos d\u00e9chets et adopter des gestes \u00e9cologiques au quotidien. \u267b\ufe0f<\/p>\n<!-- \/wp:paragraph -->\n\n<!-- wp:paragraph -->\n<p>\u23f0 Visible aux horaires d&rsquo;ouverture de la biblioth\u00e8que, venez vous informer et \u00e9changer sur la gestion responsable des d\u00e9chets !<\/p>\n<!-- \/wp:paragraph -->\n\n<!-- wp:paragraph -->\n<p><strong>\ud83d\udde8\ufe0f Participez \u00e0 un \u00e9change avec le SYBERT !<\/strong><\/p>\n<!-- \/wp:paragraph -->\n\n<!-- wp:paragraph -->\n<p>Un \u00e9change de 1h30 est pr\u00e9vu le mercredi 16 octobre \u00e0 17h si le nombre d&rsquo;inscrits est suffisant. Pour vous inscrire, envoyez un mail \u00e0 \ud83d\udce7 <a>bibliotheque.audeux@ikmail.com<\/a> avec votre nom, pr\u00e9nom, village et nombre de personnes avant le 10 octobre.<\/p>\n<!-- \/wp:paragraph -->\n\n<!-- wp:paragraph -->\n<p>Rejoignez-nous nombreux ! \ud83e\udd17<\/p>\n<!-- \/wp:paragraph -->\n\n<!-- wp:image {\"id\":1101,\"sizeSlug\":\"large\",\"linkDestination\":\"none\"} -->\n<figure class=\"wp-block-image size-large\"><img loading=\"lazy\" width=\"724\" height=\"1024\" src=\"https:\/\/www.audeux.eu\/wp-content\/uploads\/2024\/08\/REDUISONS_NOS_DECHETS-724x1024.jpg\" alt=\"\" class=\"wp-image-1101\" srcset=\"https:\/\/www.audeux.eu\/wp-content\/uploads\/2024\/08\/REDUISONS_NOS_DECHETS-724x1024.jpg 724w, https:\/\/www.audeux.eu\/wp-content\/uploads\/2024\/08\/REDUISONS_NOS_DECHETS-212x300.jpg 212w, https:\/\/www.audeux.eu\/wp-content\/uploads\/2024\/08\/REDUISONS_NOS_DECHETS-768x1086.jpg 768w, https:\/\/www.audeux.eu\/wp-content\/uploads\/2024\/08\/REDUISONS_NOS_DECHETS-1086x1536.jpg 1086w, https:\/\/www.audeux.eu\/wp-content\/uploads\/2024\/08\/REDUISONS_NOS_DECHETS.jpg 1131w\" sizes=\"(max-width: 724px) 100vw, 724px\" \/><\/figure>\n<!-- \/wp:image -->\n\n<!-- wp:paragraph -->\n<p><\/p>\n<!-- \/wp:paragraph --><\/div><\/li>\n<li><a href=\"https:\/\/www.audeux.eu\/index.php\/2024\/06\/14\/nouveaux-livres-a-la-bibliotheque-2\/\">NOUVEAUX  LIVRES  \u00c0  LA BIBLIOTH\u00c8QUE<\/a><time datetime=\"2024-06-14T14:26:48+02:00\" class=\"wp-block-latest-posts__post-date\">14 juin 2024<\/time><div class=\"wp-block-latest-posts__post-full-content\"><!-- wp:image {\"id\":1084,\"sizeSlug\":\"large\",\"linkDestination\":\"none\"} -->\n<figure class=\"wp-block-image size-large\"><img loading=\"lazy\" width=\"1024\" height=\"724\" src=\"https:\/\/www.audeux.eu\/wp-content\/uploads\/2024\/06\/NOUVEAUTES_06-2024-1024x724.jpg\" alt=\"\" class=\"wp-image-1084\" srcset=\"https:\/\/www.audeux.eu\/wp-content\/uploads\/2024\/06\/NOUVEAUTES_06-2024-1024x724.jpg 1024w, https:\/\/www.audeux.eu\/wp-content\/uploads\/2024\/06\/NOUVEAUTES_06-2024-300x212.jpg 300w, https:\/\/www.audeux.eu\/wp-content\/uploads\/2024\/06\/NOUVEAUTES_06-2024-768x543.jpg 768w, https:\/\/www.audeux.eu\/wp-content\/uploads\/2024\/06\/NOUVEAUTES_06-2024.jpg 1122w\" sizes=\"(max-width: 706px) 89vw, (max-width: 767px) 82vw, 740px\" \/><figcaption> <strong>nouveaut\u00e9 = 1 seul pr\u00eat par personne<\/strong> <strong>(sauf les s\u00e9ries int\u00e9grales)<\/strong><\/figcaption><\/figure>\n<!-- \/wp:image -->\n\n<!-- wp:paragraph -->\n<p><\/p>\n<!-- \/wp:paragraph --><\/div><\/li>\n<li><a href=\"https:\/\/www.audeux.eu\/index.php\/2024\/05\/27\/bibliotheque\/\">BIBLIOTH\u00c8QUE<\/a><time datetime=\"2024-05-27T13:53:12+02:00\" class=\"wp-block-latest-posts__post-date\">27 mai 2024<\/time><div class=\"wp-block-latest-posts__post-full-content\"><!-- wp:paragraph -->\n<p>Le mardi 28 mai , la biblioth\u00e8que n&rsquo;ouvrira que de 17h30 \u00e0 18h30<\/p>\n<!-- \/wp:paragraph -->\n\n<!-- wp:paragraph -->\n<p><strong>FERMETURE EXCEPTIONNELLE<\/strong><\/p>\n<!-- \/wp:paragraph -->\n\n<!-- wp:paragraph -->\n<p>Vendredi 31 mai<br>Mardi 4 juin<br>Vendredi 7 juin<\/p>\n<!-- \/wp:paragraph --><\/div><\/li>\n<li><a href=\"https:\/\/www.audeux.eu\/index.php\/2024\/05\/03\/arrivee-de-3-nouvelles-selections\/\">Arriv\u00e9e de 3 nouvelles s\u00e9lections<\/a><time datetime=\"2024-05-03T18:00:04+02:00\" class=\"wp-block-latest-posts__post-date\">3 mai 2024<\/time><div class=\"wp-block-latest-posts__post-full-content\"><!-- wp:gallery {\"ids\":[1070,1073,1074],\"linkTo\":\"none\"} -->\n<figure class=\"wp-block-gallery columns-3 is-cropped\"><ul class=\"blocks-gallery-grid\"><li class=\"blocks-gallery-item\"><figure><img loading=\"lazy\" width=\"724\" height=\"1024\" src=\"https:\/\/www.audeux.eu\/wp-content\/uploads\/2024\/05\/Selection-Supers-Heros-Les-Mediatheque-departementale-du-Doubs-Captain-america-Dardevil-Spider-man-Wolverine...-Ces-personnages-de-grand-ecran-sont-a-lorigine-des-heros-de-comics-americains-1-724x1024.jpg\" alt=\"\" data-id=\"1070\" data-link=\"https:\/\/www.audeux.eu\/?attachment_id=1070\" class=\"wp-image-1070\" srcset=\"https:\/\/www.audeux.eu\/wp-content\/uploads\/2024\/05\/Selection-Supers-Heros-Les-Mediatheque-departementale-du-Doubs-Captain-america-Dardevil-Spider-man-Wolverine...-Ces-personnages-de-grand-ecran-sont-a-lorigine-des-heros-de-comics-americains-1-724x1024.jpg 724w, https:\/\/www.audeux.eu\/wp-content\/uploads\/2024\/05\/Selection-Supers-Heros-Les-Mediatheque-departementale-du-Doubs-Captain-america-Dardevil-Spider-man-Wolverine...-Ces-personnages-de-grand-ecran-sont-a-lorigine-des-heros-de-comics-americains-1-212x300.jpg 212w, https:\/\/www.audeux.eu\/wp-content\/uploads\/2024\/05\/Selection-Supers-Heros-Les-Mediatheque-departementale-du-Doubs-Captain-america-Dardevil-Spider-man-Wolverine...-Ces-personnages-de-grand-ecran-sont-a-lorigine-des-heros-de-comics-americains-1-768x1086.jpg 768w, https:\/\/www.audeux.eu\/wp-content\/uploads\/2024\/05\/Selection-Supers-Heros-Les-Mediatheque-departementale-du-Doubs-Captain-america-Dardevil-Spider-man-Wolverine...-Ces-personnages-de-grand-ecran-sont-a-lorigine-des-heros-de-comics-americains-1-1086x1536.jpg 1086w, https:\/\/www.audeux.eu\/wp-content\/uploads\/2024\/05\/Selection-Supers-Heros-Les-Mediatheque-departementale-du-Doubs-Captain-america-Dardevil-Spider-man-Wolverine...-Ces-personnages-de-grand-ecran-sont-a-lorigine-des-heros-de-comics-americains-1.jpg 1414w\" sizes=\"(max-width: 724px) 100vw, 724px\" \/><\/figure><\/li><li class=\"blocks-gallery-item\"><figure><img loading=\"lazy\" width=\"724\" height=\"1024\" src=\"https:\/\/www.audeux.eu\/wp-content\/uploads\/2024\/05\/Envie-de-revoir-les-films-danimation-cultes-1-724x1024.jpg\" alt=\"\" data-id=\"1073\" data-link=\"https:\/\/www.audeux.eu\/?attachment_id=1073\" class=\"wp-image-1073\" srcset=\"https:\/\/www.audeux.eu\/wp-content\/uploads\/2024\/05\/Envie-de-revoir-les-films-danimation-cultes-1-724x1024.jpg 724w, https:\/\/www.audeux.eu\/wp-content\/uploads\/2024\/05\/Envie-de-revoir-les-films-danimation-cultes-1-212x300.jpg 212w, https:\/\/www.audeux.eu\/wp-content\/uploads\/2024\/05\/Envie-de-revoir-les-films-danimation-cultes-1-768x1086.jpg 768w, https:\/\/www.audeux.eu\/wp-content\/uploads\/2024\/05\/Envie-de-revoir-les-films-danimation-cultes-1-1086x1536.jpg 1086w, https:\/\/www.audeux.eu\/wp-content\/uploads\/2024\/05\/Envie-de-revoir-les-films-danimation-cultes-1.jpg 1414w\" sizes=\"(max-width: 724px) 100vw, 724px\" \/><\/figure><\/li><li class=\"blocks-gallery-item\"><figure><img loading=\"lazy\" width=\"724\" height=\"1024\" src=\"https:\/\/www.audeux.eu\/wp-content\/uploads\/2024\/05\/Selection-Series-TV-17-1-724x1024.jpg\" alt=\"\" data-id=\"1074\" data-full-url=\"https:\/\/www.audeux.eu\/wp-content\/uploads\/2024\/05\/Selection-Series-TV-17-1.jpg\" data-link=\"https:\/\/www.audeux.eu\/?attachment_id=1074\" class=\"wp-image-1074\" srcset=\"https:\/\/www.audeux.eu\/wp-content\/uploads\/2024\/05\/Selection-Series-TV-17-1-724x1024.jpg 724w, https:\/\/www.audeux.eu\/wp-content\/uploads\/2024\/05\/Selection-Series-TV-17-1-212x300.jpg 212w, https:\/\/www.audeux.eu\/wp-content\/uploads\/2024\/05\/Selection-Series-TV-17-1-768x1086.jpg 768w, https:\/\/www.audeux.eu\/wp-content\/uploads\/2024\/05\/Selection-Series-TV-17-1-1086x1536.jpg 1086w, https:\/\/www.audeux.eu\/wp-content\/uploads\/2024\/05\/Selection-Series-TV-17-1.jpg 1414w\" sizes=\"(max-width: 724px) 100vw, 724px\" \/><\/figure><\/li><\/ul><\/figure>\n<!-- \/wp:gallery --><\/div><\/li>\n<li><a href=\"https:\/\/www.audeux.eu\/index.php\/2024\/04\/03\/ouverture-de-la-bibliotheque-pendant-les-vacances-de-printemps\/\">OUVERTURE DE LA BIBLIOTH\u00c8QUE PENDANT LES VACANCES DE PRINTEMPS<\/a><time datetime=\"2024-04-03T11:24:02+02:00\" class=\"wp-block-latest-posts__post-date\">3 avril 2024<\/time><div class=\"wp-block-latest-posts__post-full-content\"><!-- wp:paragraph -->\n<p><\/p>\n<!-- \/wp:paragraph -->\n\n<!-- wp:paragraph {\"align\":\"left\",\"fontSize\":\"medium\"} -->\n<p class=\"has-text-align-left has-medium-font-size\">  <span style=\"color:#113c55\" class=\"has-inline-color\"><em><strong>Mercredi 17 et 24 avril<\/strong><\/em> <em>de <strong>9h30 \u00e0 11h et de 14h \u00e0 16h30<\/strong><\/em><\/span><\/p>\n<!-- \/wp:paragraph -->\n\n<!-- wp:paragraph {\"align\":\"left\",\"fontSize\":\"medium\"} -->\n<p class=\"has-text-align-left has-medium-font-size\">  <font color=\"#113c55\"><b><i>F<\/i><\/b><\/font><span style=\"color:#113c55\" class=\"has-inline-color\"><em><strong>ermeture exceptionnelle le vendredi 10 mai 2024<\/strong><\/em><\/span><\/p>\n<!-- \/wp:paragraph --><\/div><\/li>\n<li><a href=\"https:\/\/www.audeux.eu\/index.php\/2024\/03\/04\/selection-la-lecture-par-lecoute-et-le-toucher\/\">S\u00e9lection  La lecture par l&rsquo;\u00e9coute et le toucher<\/a><time datetime=\"2024-03-04T17:17:31+01:00\" class=\"wp-block-latest-posts__post-date\">4 mars 2024<\/time><div class=\"wp-block-latest-posts__post-full-content\"><!-- wp:image {\"id\":1046,\"width\":362,\"height\":512,\"sizeSlug\":\"large\",\"linkDestination\":\"none\"} -->\n<figure class=\"wp-block-image size-large is-resized\"><img loading=\"lazy\" src=\"https:\/\/www.audeux.eu\/wp-content\/uploads\/2024\/03\/Selection_La_lecture_par_l-ecoute_et_le_toucher-1-724x1024.jpg\" alt=\"\" class=\"wp-image-1046\" width=\"362\" height=\"512\" srcset=\"https:\/\/www.audeux.eu\/wp-content\/uploads\/2024\/03\/Selection_La_lecture_par_l-ecoute_et_le_toucher-1-724x1024.jpg 724w, https:\/\/www.audeux.eu\/wp-content\/uploads\/2024\/03\/Selection_La_lecture_par_l-ecoute_et_le_toucher-1-212x300.jpg 212w, https:\/\/www.audeux.eu\/wp-content\/uploads\/2024\/03\/Selection_La_lecture_par_l-ecoute_et_le_toucher-1-768x1086.jpg 768w, https:\/\/www.audeux.eu\/wp-content\/uploads\/2024\/03\/Selection_La_lecture_par_l-ecoute_et_le_toucher-1-1086x1536.jpg 1086w, https:\/\/www.audeux.eu\/wp-content\/uploads\/2024\/03\/Selection_La_lecture_par_l-ecoute_et_le_toucher-1.jpg 1414w\" sizes=\"(max-width: 362px) 100vw, 362px\" \/><\/figure>\n<!-- \/wp:image --><\/div><\/li>\n<li><a href=\"https:\/\/www.audeux.eu\/index.php\/2024\/03\/04\/selection-parents-enfants-etc\/\">S\u00e9lection  Parents Enfants, Etc&#8230;<\/a><time datetime=\"2024-03-04T17:16:26+01:00\" class=\"wp-block-latest-posts__post-date\">4 mars 2024<\/time><div class=\"wp-block-latest-posts__post-full-content\"><!-- wp:image {\"id\":1043,\"width\":362,\"height\":512,\"sizeSlug\":\"large\",\"linkDestination\":\"none\"} -->\n<figure class=\"wp-block-image size-large is-resized\"><img loading=\"lazy\" src=\"https:\/\/www.audeux.eu\/wp-content\/uploads\/2024\/03\/Selection_Parents_Enfants_Etc...-724x1024.jpg\" alt=\"\" class=\"wp-image-1043\" width=\"362\" height=\"512\" srcset=\"https:\/\/www.audeux.eu\/wp-content\/uploads\/2024\/03\/Selection_Parents_Enfants_Etc...-724x1024.jpg 724w, https:\/\/www.audeux.eu\/wp-content\/uploads\/2024\/03\/Selection_Parents_Enfants_Etc...-212x300.jpg 212w, https:\/\/www.audeux.eu\/wp-content\/uploads\/2024\/03\/Selection_Parents_Enfants_Etc...-768x1086.jpg 768w, https:\/\/www.audeux.eu\/wp-content\/uploads\/2024\/03\/Selection_Parents_Enfants_Etc...-1086x1536.jpg 1086w, https:\/\/www.audeux.eu\/wp-content\/uploads\/2024\/03\/Selection_Parents_Enfants_Etc....jpg 1414w\" sizes=\"(max-width: 362px) 100vw, 362px\" \/><\/figure>\n<!-- \/wp:image --><\/div><\/li>\n<li><a href=\"https:\/\/www.audeux.eu\/index.php\/2024\/02\/15\/ouverture-de-la-bibliotheque-pendant-les-vacances-dhiver-2\/\">OUVERTURE DE LA BIBLIOTHEQUE PENDANT LES VACANCES D&rsquo;HIVER<\/a><time datetime=\"2024-02-15T11:43:42+01:00\" class=\"wp-block-latest-posts__post-date\">15 f\u00e9vrier 2024<\/time><div class=\"wp-block-latest-posts__post-full-content\"><!-- wp:paragraph -->\n<p><em><strong>mercredi 21 et 28 f\u00e9vrier<\/strong> <\/em><\/p>\n<!-- \/wp:paragraph -->\n\n<!-- wp:paragraph -->\n<p><em>de <strong>9h30 \u00e0 11h et de 14h \u00e0 16h30<\/strong><\/em><\/p>\n<!-- \/wp:paragraph -->\n\n<!-- wp:image {\"id\":1033,\"width\":362,\"height\":512,\"sizeSlug\":\"large\",\"linkDestination\":\"none\"} -->\n<figure class=\"wp-block-image size-large is-resized\"><img loading=\"lazy\" src=\"https:\/\/www.audeux.eu\/wp-content\/uploads\/2024\/02\/L_heure_du_conte_21-02-24-1-724x1024.jpg\" alt=\"\" class=\"wp-image-1033\" width=\"362\" height=\"512\" srcset=\"https:\/\/www.audeux.eu\/wp-content\/uploads\/2024\/02\/L_heure_du_conte_21-02-24-1-724x1024.jpg 724w, https:\/\/www.audeux.eu\/wp-content\/uploads\/2024\/02\/L_heure_du_conte_21-02-24-1-212x300.jpg 212w, https:\/\/www.audeux.eu\/wp-content\/uploads\/2024\/02\/L_heure_du_conte_21-02-24-1-768x1086.jpg 768w, https:\/\/www.audeux.eu\/wp-content\/uploads\/2024\/02\/L_heure_du_conte_21-02-24-1-1086x1536.jpg 1086w, https:\/\/www.audeux.eu\/wp-content\/uploads\/2024\/02\/L_heure_du_conte_21-02-24-1-1448x2048.jpg 1448w, https:\/\/www.audeux.eu\/wp-content\/uploads\/2024\/02\/L_heure_du_conte_21-02-24-1.jpg 1587w\" sizes=\"(max-width: 362px) 100vw, 362px\" \/><\/figure>\n<!-- \/wp:image --><\/div><\/li>\n<li><a href=\"https:\/\/www.audeux.eu\/index.php\/2024\/02\/05\/lheure-du-conte\/\">L&rsquo;HEURE DU CONTE<\/a><time datetime=\"2024-02-05T12:13:24+01:00\" class=\"wp-block-latest-posts__post-date\">5 f\u00e9vrier 2024<\/time><div class=\"wp-block-latest-posts__post-full-content\"><!-- wp:image {\"id\":1025,\"width\":362,\"height\":512,\"sizeSlug\":\"large\",\"linkDestination\":\"none\"} -->\n<figure class=\"wp-block-image size-large is-resized\"><img loading=\"lazy\" src=\"https:\/\/www.audeux.eu\/wp-content\/uploads\/2024\/02\/L_heure_du_conte_21-02-24-724x1024.jpg\" alt=\"\" class=\"wp-image-1025\" width=\"362\" height=\"512\" srcset=\"https:\/\/www.audeux.eu\/wp-content\/uploads\/2024\/02\/L_heure_du_conte_21-02-24-724x1024.jpg 724w, https:\/\/www.audeux.eu\/wp-content\/uploads\/2024\/02\/L_heure_du_conte_21-02-24-212x300.jpg 212w, https:\/\/www.audeux.eu\/wp-content\/uploads\/2024\/02\/L_heure_du_conte_21-02-24-768x1086.jpg 768w, https:\/\/www.audeux.eu\/wp-content\/uploads\/2024\/02\/L_heure_du_conte_21-02-24-1086x1536.jpg 1086w, https:\/\/www.audeux.eu\/wp-content\/uploads\/2024\/02\/L_heure_du_conte_21-02-24-1448x2048.jpg 1448w, https:\/\/www.audeux.eu\/wp-content\/uploads\/2024\/02\/L_heure_du_conte_21-02-24.jpg 1587w\" sizes=\"(max-width: 362px) 100vw, 362px\" \/><\/figure>\n<!-- \/wp:image --><\/div><\/li>\n<li><a href=\"https:\/\/www.audeux.eu\/index.php\/2024\/01\/14\/nouveaux-horaires-de-la-bibliotheque-3\/\">NOUVEAUX HORAIRES DE LA BIBLIOTH\u00c8QUE<\/a><time datetime=\"2024-01-14T09:37:12+01:00\" class=\"wp-block-latest-posts__post-date\">14 janvier 2024<\/time><div class=\"wp-block-latest-posts__post-full-content\"><!-- wp:image {\"id\":1014,\"sizeSlug\":\"large\",\"linkDestination\":\"none\"} -->\n<figure class=\"wp-block-image size-large\"><img loading=\"lazy\" width=\"1024\" height=\"724\" src=\"https:\/\/www.audeux.eu\/wp-content\/uploads\/2024\/01\/Ouverture-Bibliotheque-2024-1-1024x724.jpg\" alt=\"\" class=\"wp-image-1014\" srcset=\"https:\/\/www.audeux.eu\/wp-content\/uploads\/2024\/01\/Ouverture-Bibliotheque-2024-1-1024x724.jpg 1024w, https:\/\/www.audeux.eu\/wp-content\/uploads\/2024\/01\/Ouverture-Bibliotheque-2024-1-300x212.jpg 300w, https:\/\/www.audeux.eu\/wp-content\/uploads\/2024\/01\/Ouverture-Bibliotheque-2024-1-768x543.jpg 768w, https:\/\/www.audeux.eu\/wp-content\/uploads\/2024\/01\/Ouverture-Bibliotheque-2024-1.jpg 1122w\" sizes=\"(max-width: 706px) 89vw, (max-width: 767px) 82vw, 740px\" \/><\/figure>\n<!-- \/wp:image --><\/div><\/li>\n<li><a href=\"https:\/\/www.audeux.eu\/index.php\/2024\/01\/14\/nouveaux-horaires-de-la-bibliotheque-2\/\">L&rsquo;HEURE DU CONTE<\/a><time datetime=\"2024-01-14T09:32:31+01:00\" class=\"wp-block-latest-posts__post-date\">14 janvier 2024<\/time><div class=\"wp-block-latest-posts__post-full-content\"><!-- wp:image {\"id\":1009,\"width\":543,\"height\":768,\"sizeSlug\":\"large\",\"linkDestination\":\"none\"} -->\n<figure class=\"wp-block-image size-large is-resized\"><img loading=\"lazy\" src=\"https:\/\/www.audeux.eu\/wp-content\/uploads\/2024\/01\/L_heure_du_conte_10-01-24-724x1024.jpg\" alt=\"\" class=\"wp-image-1009\" width=\"543\" height=\"768\" srcset=\"https:\/\/www.audeux.eu\/wp-content\/uploads\/2024\/01\/L_heure_du_conte_10-01-24-724x1024.jpg 724w, https:\/\/www.audeux.eu\/wp-content\/uploads\/2024\/01\/L_heure_du_conte_10-01-24-212x300.jpg 212w, https:\/\/www.audeux.eu\/wp-content\/uploads\/2024\/01\/L_heure_du_conte_10-01-24-768x1086.jpg 768w, https:\/\/www.audeux.eu\/wp-content\/uploads\/2024\/01\/L_heure_du_conte_10-01-24-1086x1536.jpg 1086w, https:\/\/www.audeux.eu\/wp-content\/uploads\/2024\/01\/L_heure_du_conte_10-01-24-1448x2048.jpg 1448w, https:\/\/www.audeux.eu\/wp-content\/uploads\/2024\/01\/L_heure_du_conte_10-01-24.jpg 1587w\" sizes=\"(max-width: 543px) 100vw, 543px\" \/><\/figure>\n<!-- \/wp:image --><\/div><\/li>\n<li><a href=\"https:\/\/www.audeux.eu\/index.php\/2023\/11\/19\/nouveaux-livres-a-la-bibliotheque\/\">NOUVEAUX  LIVRES  \u00c0  LA BIBLIOTH\u00c8QUE<\/a><time datetime=\"2023-11-19T19:18:31+01:00\" class=\"wp-block-latest-posts__post-date\">19 novembre 2023<\/time><div class=\"wp-block-latest-posts__post-full-content\"><!-- wp:group -->\n<div class=\"wp-block-group\"><!-- wp:image {\"id\":988,\"sizeSlug\":\"large\",\"linkDestination\":\"none\"} -->\n<figure class=\"wp-block-image size-large\"><img loading=\"lazy\" width=\"1024\" height=\"724\" src=\"https:\/\/www.audeux.eu\/wp-content\/uploads\/2023\/11\/NOUVEAUTES-1024x724.jpg\" alt=\"\" class=\"wp-image-988\" srcset=\"https:\/\/www.audeux.eu\/wp-content\/uploads\/2023\/11\/NOUVEAUTES-1024x724.jpg 1024w, https:\/\/www.audeux.eu\/wp-content\/uploads\/2023\/11\/NOUVEAUTES-300x212.jpg 300w, https:\/\/www.audeux.eu\/wp-content\/uploads\/2023\/11\/NOUVEAUTES-768x543.jpg 768w, https:\/\/www.audeux.eu\/wp-content\/uploads\/2023\/11\/NOUVEAUTES.jpg 1122w\" sizes=\"(max-width: 706px) 89vw, (max-width: 767px) 82vw, 740px\" \/><figcaption><strong>nouveaut\u00e9 = 1 seul pr\u00eat par personne<\/strong><\/figcaption><\/figure>\n<!-- \/wp:image --><\/div>\n<!-- \/wp:group -->\n\n<!-- wp:paragraph -->\n<p><\/p>\n<!-- \/wp:paragraph --><\/div><\/li>\n<li><a href=\"https:\/\/www.audeux.eu\/index.php\/2023\/09\/11\/nouveaux-horaires-de-la-bibliotheque\/\">NOUVEAUX HORAIRES DE LA BIBLIOTH\u00c8QUE<\/a><time datetime=\"2023-09-11T09:18:01+02:00\" class=\"wp-block-latest-posts__post-date\">11 septembre 2023<\/time><div class=\"wp-block-latest-posts__post-full-content\"><!-- wp:image {\"id\":948,\"sizeSlug\":\"full\",\"linkDestination\":\"none\"} -->\n<figure class=\"wp-block-image size-full\"><img loading=\"lazy\" width=\"965\" height=\"648\" src=\"https:\/\/www.audeux.eu\/wp-content\/uploads\/2023\/10\/Bibliotheque-horaires-douverture.jpg\" alt=\"\" class=\"wp-image-948\" srcset=\"https:\/\/www.audeux.eu\/wp-content\/uploads\/2023\/10\/Bibliotheque-horaires-douverture.jpg 965w, https:\/\/www.audeux.eu\/wp-content\/uploads\/2023\/10\/Bibliotheque-horaires-douverture-300x201.jpg 300w, https:\/\/www.audeux.eu\/wp-content\/uploads\/2023\/10\/Bibliotheque-horaires-douverture-768x516.jpg 768w\" sizes=\"(max-width: 706px) 89vw, (max-width: 767px) 82vw, 740px\" \/><figcaption><strong><em>Hors vacances scolaires<\/em><\/strong><\/figcaption><\/figure>\n<!-- \/wp:image --><\/div><\/li>\n<li><a href=\"https:\/\/www.audeux.eu\/index.php\/2023\/08\/30\/933\/\">La biblioth\u00e8que recherche des b\u00e9n\u00e9voles<\/a><time datetime=\"2023-08-30T15:18:59+02:00\" class=\"wp-block-latest-posts__post-date\">30 ao\u00fbt 2023<\/time><div class=\"wp-block-latest-posts__post-full-content\"><!-- wp:image {\"id\":934,\"sizeSlug\":\"large\",\"linkDestination\":\"none\"} -->\n<figure class=\"wp-block-image size-large\"><img loading=\"lazy\" width=\"724\" height=\"1024\" src=\"https:\/\/www.audeux.eu\/wp-content\/uploads\/2023\/08\/Flyer-Appel-a-benevoles-724x1024.jpg\" alt=\"\" class=\"wp-image-934\" srcset=\"https:\/\/www.audeux.eu\/wp-content\/uploads\/2023\/08\/Flyer-Appel-a-benevoles-724x1024.jpg 724w, https:\/\/www.audeux.eu\/wp-content\/uploads\/2023\/08\/Flyer-Appel-a-benevoles-212x300.jpg 212w, https:\/\/www.audeux.eu\/wp-content\/uploads\/2023\/08\/Flyer-Appel-a-benevoles-768x1086.jpg 768w, https:\/\/www.audeux.eu\/wp-content\/uploads\/2023\/08\/Flyer-Appel-a-benevoles-1086x1536.jpg 1086w, https:\/\/www.audeux.eu\/wp-content\/uploads\/2023\/08\/Flyer-Appel-a-benevoles.jpg 1236w\" sizes=\"(max-width: 724px) 100vw, 724px\" \/><\/figure>\n<!-- \/wp:image --><\/div><\/li>\n<li><a href=\"https:\/\/www.audeux.eu\/index.php\/2023\/08\/02\/927\/\">Apr\u00e8s-midi jeux de soci\u00e9t\u00e9 Dimanche 27 ao\u00fbt de 14 h \u00e0 18h (de 7 \u00e0 99 ans)<\/a><time datetime=\"2023-08-02T10:06:35+02:00\" class=\"wp-block-latest-posts__post-date\">2 ao\u00fbt 2023<\/time><div class=\"wp-block-latest-posts__post-full-content\"><!-- wp:image {\"id\":928,\"sizeSlug\":\"full\",\"linkDestination\":\"none\"} -->\n<figure class=\"wp-block-image size-full\"><img loading=\"lazy\" width=\"225\" height=\"225\" src=\"https:\/\/www.audeux.eu\/wp-content\/uploads\/2023\/08\/telecharger.jpg\" alt=\"\" class=\"wp-image-928\" srcset=\"https:\/\/www.audeux.eu\/wp-content\/uploads\/2023\/08\/telecharger.jpg 225w, https:\/\/www.audeux.eu\/wp-content\/uploads\/2023\/08\/telecharger-150x150.jpg 150w, https:\/\/www.audeux.eu\/wp-content\/uploads\/2023\/08\/telecharger-100x100.jpg 100w\" sizes=\"(max-width: 225px) 100vw, 225px\" \/><figcaption><span class=\"has-inline-color has-vivid-red-color\">L&rsquo;association\u00a0Comt&rsquo;Est (Association de\u00a0jeux\u00a0de soci\u00e9t\u00e9) organise \u00e0 la biblioth\u00e8que d&rsquo;Audeux dimanche 27 ao\u00fbt un apr\u00e8s-midi autour du jeu de soci\u00e9t\u00e9.\u00a0Un rendez-vous pour les passionn\u00e9s, mais \u00e9galement pour toute la famille. Entr\u00e9e gratuite.<\/span><\/figcaption><\/figure>\n<!-- \/wp:image -->\n\n<!-- wp:paragraph -->\n<p><\/p>\n<!-- \/wp:paragraph --><\/div><\/li>\n<li><a href=\"https:\/\/www.audeux.eu\/index.php\/2023\/06\/28\/bibliotheque-ouverte-en-juillet-et-aout\/\">BIBLIOTH\u00c8QUE OUVERTE EN JUILLET ET AO\u00dbT<\/a><time datetime=\"2023-06-28T16:58:06+02:00\" class=\"wp-block-latest-posts__post-date\">28 juin 2023<\/time><div class=\"wp-block-latest-posts__post-full-content\"><!-- wp:image {\"id\":924,\"sizeSlug\":\"large\",\"linkDestination\":\"none\"} -->\n<figure class=\"wp-block-image size-large\"><img loading=\"lazy\" width=\"1024\" height=\"723\" src=\"https:\/\/www.audeux.eu\/wp-content\/uploads\/2023\/06\/IMG-8f239372bb5e3db9eb2292afb76e0eca-V-1024x723.png\" alt=\"\" class=\"wp-image-924\" srcset=\"https:\/\/www.audeux.eu\/wp-content\/uploads\/2023\/06\/IMG-8f239372bb5e3db9eb2292afb76e0eca-V-1024x723.png 1024w, https:\/\/www.audeux.eu\/wp-content\/uploads\/2023\/06\/IMG-8f239372bb5e3db9eb2292afb76e0eca-V-300x212.png 300w, https:\/\/www.audeux.eu\/wp-content\/uploads\/2023\/06\/IMG-8f239372bb5e3db9eb2292afb76e0eca-V-768x542.png 768w, https:\/\/www.audeux.eu\/wp-content\/uploads\/2023\/06\/IMG-8f239372bb5e3db9eb2292afb76e0eca-V.png 1218w\" sizes=\"(max-width: 706px) 89vw, (max-width: 767px) 82vw, 740px\" \/><figcaption><strong>Sauf jeudi 6 juillet : 17h30 \u00e0 18h30<\/strong><\/figcaption><\/figure>\n<!-- \/wp:image --><\/div><\/li>\n<li><a href=\"https:\/\/www.audeux.eu\/index.php\/2023\/06\/05\/exposition-art-artisanat-et-litterature-rencontre-et-dedicace\/\">*EXPOSITION ART, ARTISANAT ET LITT\u00c9RATURE * RENCONTRE ET D\u00c9DICACE*<\/a><time datetime=\"2023-06-05T11:28:32+02:00\" class=\"wp-block-latest-posts__post-date\">5 juin 2023<\/time><div class=\"wp-block-latest-posts__post-full-content\"><!-- wp:columns -->\n<div class=\"wp-block-columns\"><!-- wp:column {\"width\":\"100%\"} -->\n<div class=\"wp-block-column\" style=\"flex-basis:100%\"><!-- wp:group -->\n<div class=\"wp-block-group\"><!-- wp:group -->\n<div class=\"wp-block-group\"><!-- wp:group {\"textColor\":\"black\",\"gradient\":\"luminous-vivid-amber-to-luminous-vivid-orange\"} -->\n<div class=\"wp-block-group has-black-color has-luminous-vivid-amber-to-luminous-vivid-orange-gradient-background has-text-color has-background\"><!-- wp:paragraph {\"align\":\"left\",\"dropCap\":true} -->\n<p class=\"has-drop-cap has-text-align-left\">Nous comptons sur votre pr\u00e9sence\u00a0pour\u00a0venir d\u00e9couvrir de nombreux artistes. <\/p>\n<!-- \/wp:paragraph -->\n\n<!-- wp:paragraph {\"align\":\"left\",\"dropCap\":true} -->\n<p class=\"has-drop-cap has-text-align-left\">Vous pourrez rencontrer de nombreux auteurs de notre r\u00e9gion qui seront ravis de partager leurs livres avec vous.<\/p>\n<!-- \/wp:paragraph -->\n\n<!-- wp:paragraph {\"align\":\"left\",\"dropCap\":true} -->\n<p class=\"has-drop-cap has-text-align-left\">Buvette avec cr\u00eapes (et restauration pour dimanche midi) sur place.<\/p>\n<!-- \/wp:paragraph --><\/div>\n<!-- \/wp:group --><\/div>\n<!-- \/wp:group --><\/div>\n<!-- \/wp:group -->\n\n<!-- wp:paragraph -->\n<p><\/p>\n<!-- \/wp:paragraph -->\n\n<!-- wp:paragraph -->\n<p><\/p>\n<!-- \/wp:paragraph -->\n\n<!-- wp:group -->\n<div class=\"wp-block-group\"><!-- wp:image {\"id\":915,\"sizeSlug\":\"large\",\"linkDestination\":\"none\"} -->\n<figure class=\"wp-block-image size-large\"><img loading=\"lazy\" width=\"724\" height=\"1024\" src=\"https:\/\/www.audeux.eu\/wp-content\/uploads\/2023\/06\/Rencontre-dedicace-17-18-juin-2023-A5-1-724x1024.jpg\" alt=\"\" class=\"wp-image-915\" srcset=\"https:\/\/www.audeux.eu\/wp-content\/uploads\/2023\/06\/Rencontre-dedicace-17-18-juin-2023-A5-1-724x1024.jpg 724w, https:\/\/www.audeux.eu\/wp-content\/uploads\/2023\/06\/Rencontre-dedicace-17-18-juin-2023-A5-1-212x300.jpg 212w, https:\/\/www.audeux.eu\/wp-content\/uploads\/2023\/06\/Rencontre-dedicace-17-18-juin-2023-A5-1-768x1087.jpg 768w, https:\/\/www.audeux.eu\/wp-content\/uploads\/2023\/06\/Rencontre-dedicace-17-18-juin-2023-A5-1-1086x1536.jpg 1086w, https:\/\/www.audeux.eu\/wp-content\/uploads\/2023\/06\/Rencontre-dedicace-17-18-juin-2023-A5-1.jpg 1169w\" sizes=\"(max-width: 724px) 100vw, 724px\" \/><\/figure>\n<!-- \/wp:image --><\/div>\n<!-- \/wp:group --><\/div>\n<!-- \/wp:column --><\/div>\n<!-- \/wp:columns --><\/div><\/li>\n<li><a href=\"https:\/\/www.audeux.eu\/index.php\/2023\/06\/02\/expo-marche-art-artisanat-et-litterature\/\">Expo \/  March\u00e9  Art, Artisanat et Litt\u00e9rature<\/a><time datetime=\"2023-06-02T18:18:29+02:00\" class=\"wp-block-latest-posts__post-date\">2 juin 2023<\/time><div class=\"wp-block-latest-posts__post-full-content\"><!-- wp:image {\"id\":896,\"sizeSlug\":\"full\",\"linkDestination\":\"none\"} -->\n<figure class=\"wp-block-image size-full\"><img loading=\"lazy\" width=\"512\" height=\"1024\" src=\"https:\/\/www.audeux.eu\/wp-content\/uploads\/2023\/06\/a699cb16-e5e2-4e1d-9755-7e60d98a4770.jpg\" alt=\"\" class=\"wp-image-896\" srcset=\"https:\/\/www.audeux.eu\/wp-content\/uploads\/2023\/06\/a699cb16-e5e2-4e1d-9755-7e60d98a4770.jpg 512w, https:\/\/www.audeux.eu\/wp-content\/uploads\/2023\/06\/a699cb16-e5e2-4e1d-9755-7e60d98a4770-150x300.jpg 150w\" sizes=\"(max-width: 512px) 100vw, 512px\" \/><\/figure>\n<!-- \/wp:image -->\n\n<!-- wp:paragraph -->\n<p><\/p>\n<!-- \/wp:paragraph --><\/div><\/li>\n<li><a href=\"https:\/\/www.audeux.eu\/index.php\/2023\/05\/06\/exposition-frontieres\/\">Exposition Fronti\u00e8res<\/a><time datetime=\"2023-05-06T17:57:57+02:00\" class=\"wp-block-latest-posts__post-date\">6 mai 2023<\/time><div class=\"wp-block-latest-posts__post-full-content\"><!-- wp:image {\"id\":867,\"sizeSlug\":\"large\",\"linkDestination\":\"none\"} -->\n<figure class=\"wp-block-image size-large\"><img loading=\"lazy\" width=\"1024\" height=\"461\" src=\"https:\/\/www.audeux.eu\/wp-content\/uploads\/2023\/05\/2-1024x461.jpg\" alt=\"\" class=\"wp-image-867\" srcset=\"https:\/\/www.audeux.eu\/wp-content\/uploads\/2023\/05\/2-1024x461.jpg 1024w, https:\/\/www.audeux.eu\/wp-content\/uploads\/2023\/05\/2-300x135.jpg 300w, https:\/\/www.audeux.eu\/wp-content\/uploads\/2023\/05\/2-768x346.jpg 768w, https:\/\/www.audeux.eu\/wp-content\/uploads\/2023\/05\/2-1536x691.jpg 1536w, https:\/\/www.audeux.eu\/wp-content\/uploads\/2023\/05\/2.jpg 1800w\" sizes=\"(max-width: 706px) 89vw, (max-width: 767px) 82vw, 740px\" \/><figcaption><span class=\"has-inline-color has-black-color\">A l\u2019heure du r\u00e9chauffement climatique, de la multiplication des conflits et de l\u2019accroissement des in\u00e9galit\u00e9s mondiales, la question des flux migratoires et des fronti\u00e8res semble \u00eatre un enjeu majeur des ann\u00e9es \u00e0 venir. Cette s\u00e9lection de documents nous invite \u00e0 questionner cette notion de fronti\u00e8res et \u00e0 d\u00e9couvrir des parcours de femmes et d\u2019hommes pour contribuer \u00e0 r\u00e9fl\u00e9chir \u00e0 la construction d\u2019une humanit\u00e9 unifi\u00e9e.<\/span> <span class=\"has-inline-color has-black-color\">\u00c0 voir jusqu&rsquo;au 30 juin.<\/span><\/figcaption><\/figure>\n<!-- \/wp:image -->\n\n<!-- wp:paragraph -->\n<p><\/p>\n<!-- \/wp:paragraph --><\/div><\/li>\n<li><a href=\"https:\/\/www.audeux.eu\/index.php\/2023\/05\/06\/une-selection-douvrages-pour-les-0-5-ans\/\">Une s\u00e9lection d&rsquo;ouvrages pour les 0 &#8211; 5 ans<\/a><time datetime=\"2023-05-06T17:54:58+02:00\" class=\"wp-block-latest-posts__post-date\">6 mai 2023<\/time><div class=\"wp-block-latest-posts__post-full-content\"><!-- wp:image {\"id\":870,\"sizeSlug\":\"large\",\"linkDestination\":\"none\"} -->\n<figure class=\"wp-block-image size-large\"><img loading=\"lazy\" width=\"1800\" height=\"810\" src=\"https:\/\/www.audeux.eu\/wp-content\/uploads\/2023\/05\/1-1024x461.jpg\" alt=\"\" class=\"wp-image-870\" srcset=\"https:\/\/www.audeux.eu\/wp-content\/uploads\/2023\/05\/1-1024x461.jpg 1024w, https:\/\/www.audeux.eu\/wp-content\/uploads\/2023\/05\/1-300x135.jpg 300w, https:\/\/www.audeux.eu\/wp-content\/uploads\/2023\/05\/1-768x346.jpg 768w, https:\/\/www.audeux.eu\/wp-content\/uploads\/2023\/05\/1-1536x691.jpg 1536w, https:\/\/www.audeux.eu\/wp-content\/uploads\/2023\/05\/1.jpg 1800w\" sizes=\"(max-width: 706px) 89vw, (max-width: 767px) 82vw, 740px\" \/><figcaption><span class=\"has-inline-color has-black-color\">Des livres en tissus, cartons et autres, accompagn\u00e9s de livres adultes, d&rsquo;un buta\u00ef et de 2 histoires Kamishiba\u00ef, d&rsquo;instrument sonores et d&rsquo;un jeu de soci\u00e9t\u00e9 jusqu&rsquo;au 30 juin.<\/span><\/figcaption><\/figure>\n<!-- \/wp:image -->\n\n<!-- wp:paragraph -->\n<p><\/p>\n<!-- \/wp:paragraph --><\/div><\/li>\n<li><a href=\"https:\/\/www.audeux.eu\/index.php\/2023\/05\/06\/les-contes-dans-le-monde\/\">Les contes dans le monde<\/a><time datetime=\"2023-05-06T17:48:42+02:00\" class=\"wp-block-latest-posts__post-date\">6 mai 2023<\/time><div class=\"wp-block-latest-posts__post-full-content\"><!-- wp:image {\"id\":866,\"sizeSlug\":\"large\",\"linkDestination\":\"none\"} -->\n<figure class=\"wp-block-image size-large\"><img loading=\"lazy\" width=\"1024\" height=\"461\" src=\"https:\/\/www.audeux.eu\/wp-content\/uploads\/2023\/05\/Contesdumonde-1024x461.jpg\" alt=\"\" class=\"wp-image-866\" srcset=\"https:\/\/www.audeux.eu\/wp-content\/uploads\/2023\/05\/Contesdumonde-1024x461.jpg 1024w, https:\/\/www.audeux.eu\/wp-content\/uploads\/2023\/05\/Contesdumonde-300x135.jpg 300w, https:\/\/www.audeux.eu\/wp-content\/uploads\/2023\/05\/Contesdumonde-768x346.jpg 768w, https:\/\/www.audeux.eu\/wp-content\/uploads\/2023\/05\/Contesdumonde-1536x691.jpg 1536w, https:\/\/www.audeux.eu\/wp-content\/uploads\/2023\/05\/Contesdumonde.jpg 1800w\" sizes=\"(max-width: 706px) 89vw, (max-width: 767px) 82vw, 740px\" \/><figcaption><span class=\"has-inline-color has-black-color\">44 Livres pour tous \u00e2ges sur les contes dans le monde et 3 DVD jusqu&rsquo;au 30 juin.<\/span><\/figcaption><\/figure>\n<!-- \/wp:image -->\n\n<!-- wp:paragraph -->\n<p><\/p>\n<!-- \/wp:paragraph --><\/div><\/li>\n<li><a href=\"https:\/\/www.audeux.eu\/index.php\/2023\/03\/26\/829\/\">\u00c9cole \/ Biblioth\u00e8que<\/a><time datetime=\"2023-03-26T13:22:06+02:00\" class=\"wp-block-latest-posts__post-date\">26 mars 2023<\/time><div class=\"wp-block-latest-posts__post-full-content\"><!-- wp:group -->\n<div class=\"wp-block-group\"><!-- wp:gallery {\"ids\":[830,839],\"linkTo\":\"none\"} -->\n<figure class=\"wp-block-gallery columns-2 is-cropped\"><ul class=\"blocks-gallery-grid\"><li class=\"blocks-gallery-item\"><figure><img loading=\"lazy\" width=\"724\" height=\"1024\" src=\"https:\/\/www.audeux.eu\/wp-content\/uploads\/2023\/03\/jour100-flyers-724x1024.jpg\" alt=\"\" data-id=\"830\" class=\"wp-image-830\" srcset=\"https:\/\/www.audeux.eu\/wp-content\/uploads\/2023\/03\/jour100-flyers-724x1024.jpg 724w, https:\/\/www.audeux.eu\/wp-content\/uploads\/2023\/03\/jour100-flyers-212x300.jpg 212w, https:\/\/www.audeux.eu\/wp-content\/uploads\/2023\/03\/jour100-flyers-768x1087.jpg 768w, https:\/\/www.audeux.eu\/wp-content\/uploads\/2023\/03\/jour100-flyers-1085x1536.jpg 1085w, https:\/\/www.audeux.eu\/wp-content\/uploads\/2023\/03\/jour100-flyers.jpg 1272w\" sizes=\"(max-width: 724px) 100vw, 724px\" \/><\/figure><\/li><li class=\"blocks-gallery-item\"><figure><img loading=\"lazy\" width=\"724\" height=\"1024\" src=\"https:\/\/www.audeux.eu\/wp-content\/uploads\/2023\/03\/Petite_enfance-1-724x1024.png\" alt=\"\" data-id=\"839\" data-full-url=\"https:\/\/www.audeux.eu\/wp-content\/uploads\/2023\/03\/Petite_enfance-1.png\" data-link=\"https:\/\/www.audeux.eu\/index.php\/2023\/03\/26\/829\/petite_enfance-1\/\" class=\"wp-image-839\" srcset=\"https:\/\/www.audeux.eu\/wp-content\/uploads\/2023\/03\/Petite_enfance-1-724x1024.png 724w, https:\/\/www.audeux.eu\/wp-content\/uploads\/2023\/03\/Petite_enfance-1-212x300.png 212w, https:\/\/www.audeux.eu\/wp-content\/uploads\/2023\/03\/Petite_enfance-1-768x1086.png 768w, https:\/\/www.audeux.eu\/wp-content\/uploads\/2023\/03\/Petite_enfance-1-1086x1536.png 1086w, https:\/\/www.audeux.eu\/wp-content\/uploads\/2023\/03\/Petite_enfance-1-1448x2048.png 1448w, https:\/\/www.audeux.eu\/wp-content\/uploads\/2023\/03\/Petite_enfance-1.png 1587w\" sizes=\"(max-width: 724px) 100vw, 724px\" \/><\/figure><\/li><\/ul><figcaption class=\"blocks-gallery-caption\"><strong>Horaires d&rsquo;ouverture : <\/strong>Mardi : 16h15 \u00e0 18h30 &#8211; Mercredi : 9h30 \u00e0 11h<br><strong>Vacances de Printemps<\/strong> : Mardi 7 et Mercredi 8 avril de 9h30 \u00e0 11h et de 14h \u00e0 17h<br><em>Ferm\u00e9e la semaine du 10 au 16 avril<\/em>                                                                           <strong>                                                                                                                                          <\/strong><\/figcaption><\/figure>\n<!-- \/wp:gallery -->\n\n<!-- wp:paragraph -->\n<p><\/p>\n<!-- \/wp:paragraph --><\/div>\n<!-- \/wp:group --><\/div><\/li>\n<li><a href=\"https:\/\/www.audeux.eu\/index.php\/2023\/03\/14\/du-nouveau-dans-les-rayons\/\">DU NOUVEAU DANS LES RAYONS<\/a><time datetime=\"2023-03-14T15:08:05+01:00\" class=\"wp-block-latest-posts__post-date\">14 mars 2023<\/time><div class=\"wp-block-latest-posts__post-full-content\"><!-- wp:heading -->\n<h2><strong>33 FILMS\u00a0: Le Nouvel Hollywood<\/strong>\u00a0<\/h2>\n<!-- \/wp:heading -->\n\n<!-- wp:paragraph -->\n<p>(Mouvement cin\u00e9matographique am\u00e9ricain de la fin des ann\u00e9es 1960 au d\u00e9but des ann\u00e9es 1980. Ce cin\u00e9ma est inscrit dans la contre-culture et influenc\u00e9 par le n\u00e9or\u00e9alisme italien, la modernit\u00e9 europ\u00e9enne et la Nouvelle Vague fran\u00e7aise. Il se caract\u00e9rise par la repr\u00e9sentation radicale de th\u00e8mes jusqu&rsquo;alors tabous comme la corruption des pouvoirs politiques, la sexualit\u00e9, la violence ou le massacre des Indiens)<\/p>\n<!-- \/wp:paragraph -->\n\n<!-- wp:paragraph -->\n<p><em>Taxi driver\u00a0, French connection , M.A.S.H., Le Parrain, Le Parrain 2 , Le Parrain 3 , Barry Lyndon , Rosemary&rsquo;s baby, Serpico , L&rsquo;\u00e9pouvantail, La Horde sauvage , Une D\u00e9cennie sous influence , L&rsquo;Exorciste , Massacre \u00e0 la tron\u00e7onneuse : version restaur\u00e9e , Wanda , Le Laur\u00e9at , The Swimmer : Le plongeon , Phantom of the paradise, La Nuit des morts vivants , Bullitt : Edition Collector, Bonnie and Clyde , Chinatown , La Prisonni\u00e8re du d\u00e9sert , Sorcerer , La Porte du paradis , Easy Rider , Conversation secr\u00e8te , Apocalypse now : \u00e9dition d\u00e9finitive , Voyage au bout de l&rsquo;enfer , L&rsquo;Inspecteur Harry, Point limite z\u00e9ro , Annie Hall , Les Moissons du ciel<\/em><\/p>\n<!-- \/wp:paragraph -->\n\n<!-- wp:paragraph -->\n<p><strong>13\u00a0SERIES TV<\/strong><\/p>\n<!-- \/wp:paragraph -->\n\n<!-- wp:paragraph -->\n<p><em>La Quatri\u00e8me dimension,\u00a0Intrusion, Wayward Pines, Panthers, Gomorra, Deutschland 83, Deutschland 86, Deutschland 89, Mr Robot, Vinyl, Dr Foster, Fear the walking dead, Years and years.<\/em><\/p>\n<!-- \/wp:paragraph -->\n\n<!-- wp:paragraph -->\n<p><strong>231 nouveaux livres (enfants et adultes) et\u00a0documents.<\/strong><\/p>\n<!-- \/wp:paragraph -->\n\n<!-- wp:paragraph -->\n<p>Et toujours :<\/p>\n<!-- \/wp:paragraph -->\n\n<!-- wp:paragraph -->\n<p><strong>*<\/strong> <strong>Auteurs franc-comtois<\/strong>\u00a0: Patrick P\u00e9cherot avec HEVEL Prix Marcel Aym\u00e9, Philippe Koeberle, Jacky Schwartzmann, Guy Boley<\/p>\n<!-- \/wp:paragraph -->\n\n<!-- wp:paragraph -->\n<p><strong>*<\/strong> <strong>BD adultes\u00a0<\/strong>: Le Cycle de Cyan, La Qu\u00eate de l&rsquo;Oiseau du temps, Les Mondes d&rsquo;Ald\u00e9baran<\/p>\n<!-- \/wp:paragraph -->\n\n<!-- wp:paragraph -->\n<p><strong>*<\/strong> <strong>BD jeunesse<\/strong> : Chi une vie de chat, Les enfants de la R\u00e9sistance, Seuls<\/p>\n<!-- \/wp:paragraph -->\n\n<!-- wp:paragraph -->\n<p><strong>* Toute la s\u00e9rie Tintin<\/strong><\/p>\n<!-- \/wp:paragraph -->\n\n<!-- wp:paragraph -->\n<p><strong>* Romans\u00a0<\/strong>: Guillaume Musso, Maxime Chattam, S\u00e9lections de la rentr\u00e9e litt\u00e9raire 2022<\/p>\n<!-- \/wp:paragraph --><\/div><\/li>\n<li><a href=\"https:\/\/www.audeux.eu\/index.php\/2023\/03\/06\/fermeture-exceptionnelle-de-la-bibliotheque\/\">FERMETURE EXCEPTIONNELLE DE LA BIBLIOTHEQUE<\/a><time datetime=\"2023-03-06T16:49:31+01:00\" class=\"wp-block-latest-posts__post-date\">6 mars 2023<\/time><div class=\"wp-block-latest-posts__post-full-content\"><!-- wp:paragraph -->\n<p>La biblioth\u00e8que sera ferm\u00e9e exceptionnellement le mardi 7 mars 2023<\/p>\n<!-- \/wp:paragraph --><\/div><\/li>\n<li><a href=\"https:\/\/www.audeux.eu\/index.php\/2023\/01\/25\/ouverture-de-la-bibliotheque-pendant-les-vacances-dhiver\/\">OUVERTURE DE LA BIBLIOTHEQUE PENDANT LES VACANCES D&rsquo;HIVER<\/a><time datetime=\"2023-01-25T09:10:28+01:00\" class=\"wp-block-latest-posts__post-date\">25 janvier 2023<\/time><div class=\"wp-block-latest-posts__post-full-content\"><!-- wp:paragraph -->\n<p><em> La biblioth\u00e8que sera ouverte uniquement les  <strong>mardis 7 et 14 f\u00e9vrier<\/strong> de <strong>14h \u00e0 18h30<\/strong> pendant les vacances d&rsquo;hiver. Fermeture les mercredis 8 et 15 f\u00e9vrier.<\/em><\/p>\n<!-- \/wp:paragraph -->\n\n<!-- wp:paragraph -->\n<p>De nombreux jeux de soci\u00e9t\u00e9 (7 ans et +) sont \u00e0 votre disposition pour jouer sur place ou venez avec les v\u00f4tres.<\/p>\n<!-- \/wp:paragraph --><\/div><\/li>\n<li><a href=\"https:\/\/www.audeux.eu\/index.php\/2022\/12\/11\/ouverture-de-la-bibliotheque-pendant-les-vacances-de-noel\/\">Ouverture de la Biblioth\u00e8que pendant les vacances de No\u00ebl<\/a><time datetime=\"2022-12-11T10:51:15+01:00\" class=\"wp-block-latest-posts__post-date\">11 d\u00e9cembre 2022<\/time><div class=\"wp-block-latest-posts__post-full-content\"><!-- wp:paragraph {\"fontSize\":\"medium\"} -->\n<p class=\"has-medium-font-size\"><em>La biblioth\u00e8que sera ouverte uniquement <strong>jeudi 22 d\u00e9cembre<\/strong> de <strong>10h \u00e0 11h<\/strong> et de <strong>14h \u00e0 15h<\/strong> pendant les vacances de No\u00ebl.<\/em><\/p>\n<!-- \/wp:paragraph -->\n\n<!-- wp:paragraph -->\n<p>Lien vers le site de la Biblioth\u00e8que<\/p>\n<!-- \/wp:paragraph -->\n\n<!-- wp:paragraph -->\n<p><a href=\"http:\/\/new.mabib.fr\/audeux\/\">http:\/\/new.mabib.fr\/audeux\/<\/a><\/p>\n<!-- \/wp:paragraph -->\n\n<!-- wp:paragraph -->\n<p><\/p>\n<!-- \/wp:paragraph --><\/div><\/li>\n<li><a href=\"https:\/\/www.audeux.eu\/index.php\/2022\/12\/04\/portes-ouvertes-de-la-bibliotheque-samedi-10-novembre-2022\/\">Portes Ouvertes de la Biblioth\u00e8que samedi 10 novembre 2022<\/a><time datetime=\"2022-12-04T20:42:21+01:00\" class=\"wp-block-latest-posts__post-date\">4 d\u00e9cembre 2022<\/time><div class=\"wp-block-latest-posts__post-full-content\"><!-- wp:image {\"id\":775,\"sizeSlug\":\"large\",\"linkDestination\":\"none\"} -->\n<figure class=\"wp-block-image size-large\"><img loading=\"lazy\" width=\"724\" height=\"1024\" src=\"https:\/\/www.audeux.eu\/wp-content\/uploads\/2022\/12\/affiche-JPO-bibliotheque-724x1024.jpg\" alt=\"\" class=\"wp-image-775\" srcset=\"https:\/\/www.audeux.eu\/wp-content\/uploads\/2022\/12\/affiche-JPO-bibliotheque-724x1024.jpg 724w, https:\/\/www.audeux.eu\/wp-content\/uploads\/2022\/12\/affiche-JPO-bibliotheque-212x300.jpg 212w, https:\/\/www.audeux.eu\/wp-content\/uploads\/2022\/12\/affiche-JPO-bibliotheque-768x1086.jpg 768w, https:\/\/www.audeux.eu\/wp-content\/uploads\/2022\/12\/affiche-JPO-bibliotheque-1086x1536.jpg 1086w, https:\/\/www.audeux.eu\/wp-content\/uploads\/2022\/12\/affiche-JPO-bibliotheque.jpg 1240w\" sizes=\"(max-width: 724px) 100vw, 724px\" \/><\/figure>\n<!-- \/wp:image --><\/div><\/li>\n<li><a href=\"https:\/\/www.audeux.eu\/index.php\/2022\/11\/20\/un-site-internet-dedie-a-la-bibliotheque\/\">UN SITE INTERNET D\u00c9DI\u00c9 \u00c0 LA BIBLIOTH\u00c8QUE<\/a><time datetime=\"2022-11-20T07:20:35+01:00\" class=\"wp-block-latest-posts__post-date\">20 novembre 2022<\/time><div class=\"wp-block-latest-posts__post-full-content\"><!-- wp:paragraph -->\n<p>La biblioth\u00e8que municipale d&rsquo;Audeux a maintenant son site web. On peut y consulter la liste des livres et DVD disponibles et chaque adh\u00e9rent aura la possibilit\u00e9 de suivre ses pr\u00eats en cours et de r\u00e9server directement sur le site. <\/p>\n<!-- \/wp:paragraph -->\n\n<!-- wp:paragraph -->\n<p><a href=\"http:\/\/new.mabib.fr\/audeux\/\">http:\/\/new.mabib.fr\/audeux\/<\/a><\/p>\n<!-- \/wp:paragraph -->\n\n<!-- wp:paragraph -->\n<p>Rappel des horaires :<\/p>\n<!-- \/wp:paragraph -->\n\n<!-- wp:paragraph -->\n<p>Mardi : 16h15 \u00e0 18h30 <\/p>\n<!-- \/wp:paragraph -->\n\n<!-- wp:paragraph -->\n<p>Mercredi : 9h30 \u00e0 11h <\/p>\n<!-- \/wp:paragraph -->\n\n<!-- wp:paragraph -->\n<p>Contact : bibliotheque.audeux@tutanota.com<\/p>\n<!-- \/wp:paragraph -->\n\n<!-- wp:paragraph -->\n<p><\/p>\n<!-- \/wp:paragraph --><\/div><\/li>\n<li><a href=\"https:\/\/www.audeux.eu\/index.php\/2022\/10\/25\/bibliotheque-municipale-daudeux\/\">Biblioth\u00e8que Municipale d&rsquo;Audeux<\/a><time datetime=\"2022-10-25T22:19:19+02:00\" class=\"wp-block-latest-posts__post-date\">25 octobre 2022<\/time><div class=\"wp-block-latest-posts__post-full-content\"><!-- wp:paragraph -->\n<p>L&rsquo;<strong>adh\u00e9sion<\/strong> \u00e0 la biblioth\u00e8que est d\u00e9sormais <strong>gratuite <\/strong>pour tous !<\/p>\n<!-- \/wp:paragraph -->\n\n<!-- wp:paragraph -->\n<p>La biblioth\u00e8que d&rsquo;Audeux vous accueille d\u00e8s le <strong>15 novembre 2022<\/strong>.<\/p>\n<!-- \/wp:paragraph -->\n\n<!-- wp:paragraph -->\n<p><strong>Mardi <\/strong>apr\u00e8s-midi de<strong> 16h15 <\/strong>\u00e0<strong> 18h30<\/strong><br><strong>Mercredi <\/strong>matin de <strong>9h30<\/strong> \u00e0 <strong>11h<\/strong><\/p>\n<!-- \/wp:paragraph -->\n\n<!-- wp:paragraph -->\n<p><strong>Acc\u00e8s<\/strong> individuel <strong>gratuit<\/strong> \u00e0 <strong>SEQUOIA<\/strong><br>(catalogue et ressources num\u00e9riques des m\u00e9diath\u00e8ques du Doubs)<\/p>\n<!-- \/wp:paragraph -->\n\n<!-- wp:paragraph -->\n<p>Journ\u00e9e portes ouvertes le samedi <strong>10 d\u00e9cembre 2022<\/strong><\/p>\n<!-- \/wp:paragraph -->\n\n<!-- wp:separator -->\n<hr class=\"wp-block-separator\" \/>\n<!-- \/wp:separator -->\n\n<!-- wp:paragraph -->\n<p>Liste des derniers livres ajout\u00e9s a la biblioth\u00e8que :<\/p>\n<!-- \/wp:paragraph -->\n\n<!-- wp:columns -->\n<div class=\"wp-block-columns\"><!-- wp:column {\"verticalAlignment\":\"center\",\"width\":\"100%\"} -->\n<div class=\"wp-block-column is-vertically-aligned-center\" style=\"flex-basis:100%\"><!-- wp:gallery {\"ids\":[702,703,704,705,706,707,708,709,736,711,712,713,714,715,716,717,718,738,720,721,722,723,724,725,727,728,729],\"linkTo\":\"none\"} -->\n<figure class=\"wp-block-gallery columns-3 is-cropped\"><ul class=\"blocks-gallery-grid\"><li class=\"blocks-gallery-item\"><figure><img loading=\"lazy\" width=\"682\" height=\"1024\" src=\"https:\/\/www.audeux.eu\/wp-content\/uploads\/2022\/10\/Qui-se-souviendra-de-Phily-Jo-de-Marcus-Malte-roman-682x1024.jpg\" alt=\"\" data-id=\"702\" data-full-url=\"https:\/\/www.audeux.eu\/wp-content\/uploads\/2022\/10\/Qui-se-souviendra-de-Phily-Jo-de-Marcus-Malte-roman.jpg\" data-link=\"https:\/\/www.audeux.eu\/index.php\/2022\/10\/25\/bibliotheque_municipale\/qui-se-souviendra-de-phily-jo-de-marcus-malte-roman\/\" class=\"wp-image-702\" srcset=\"https:\/\/www.audeux.eu\/wp-content\/uploads\/2022\/10\/Qui-se-souviendra-de-Phily-Jo-de-Marcus-Malte-roman-682x1024.jpg 682w, https:\/\/www.audeux.eu\/wp-content\/uploads\/2022\/10\/Qui-se-souviendra-de-Phily-Jo-de-Marcus-Malte-roman-200x300.jpg 200w, https:\/\/www.audeux.eu\/wp-content\/uploads\/2022\/10\/Qui-se-souviendra-de-Phily-Jo-de-Marcus-Malte-roman-768x1154.jpg 768w, https:\/\/www.audeux.eu\/wp-content\/uploads\/2022\/10\/Qui-se-souviendra-de-Phily-Jo-de-Marcus-Malte-roman-1022x1536.jpg 1022w, https:\/\/www.audeux.eu\/wp-content\/uploads\/2022\/10\/Qui-se-souviendra-de-Phily-Jo-de-Marcus-Malte-roman-1363x2048.jpg 1363w, https:\/\/www.audeux.eu\/wp-content\/uploads\/2022\/10\/Qui-se-souviendra-de-Phily-Jo-de-Marcus-Malte-roman.jpg 1704w\" sizes=\"(max-width: 682px) 100vw, 682px\" \/><\/figure><\/li><li class=\"blocks-gallery-item\"><figure><img loading=\"lazy\" width=\"400\" height=\"557\" src=\"https:\/\/www.audeux.eu\/wp-content\/uploads\/2022\/10\/Tenir-sa-langue-de-Polina-Panassenko-roman.jpg\" alt=\"\" data-id=\"703\" data-full-url=\"https:\/\/www.audeux.eu\/wp-content\/uploads\/2022\/10\/Tenir-sa-langue-de-Polina-Panassenko-roman.jpg\" data-link=\"https:\/\/www.audeux.eu\/index.php\/2022\/10\/25\/bibliotheque_municipale\/tenir-sa-langue-de-polina-panassenko-roman\/\" class=\"wp-image-703\" srcset=\"https:\/\/www.audeux.eu\/wp-content\/uploads\/2022\/10\/Tenir-sa-langue-de-Polina-Panassenko-roman.jpg 400w, https:\/\/www.audeux.eu\/wp-content\/uploads\/2022\/10\/Tenir-sa-langue-de-Polina-Panassenko-roman-215x300.jpg 215w\" sizes=\"(max-width: 400px) 100vw, 400px\" \/><\/figure><\/li><li class=\"blocks-gallery-item\"><figure><img loading=\"lazy\" width=\"400\" height=\"520\" src=\"https:\/\/www.audeux.eu\/wp-content\/uploads\/2022\/10\/Un-chien-ou-rien-jeunesse.jpg\" alt=\"\" data-id=\"704\" data-full-url=\"https:\/\/www.audeux.eu\/wp-content\/uploads\/2022\/10\/Un-chien-ou-rien-jeunesse.jpg\" data-link=\"https:\/\/www.audeux.eu\/index.php\/2022\/10\/25\/bibliotheque_municipale\/un-chien-ou-rien-jeunesse\/\" class=\"wp-image-704\" srcset=\"https:\/\/www.audeux.eu\/wp-content\/uploads\/2022\/10\/Un-chien-ou-rien-jeunesse.jpg 400w, https:\/\/www.audeux.eu\/wp-content\/uploads\/2022\/10\/Un-chien-ou-rien-jeunesse-231x300.jpg 231w\" sizes=\"(max-width: 400px) 100vw, 400px\" \/><\/figure><\/li><li class=\"blocks-gallery-item\"><figure><img loading=\"lazy\" width=\"400\" height=\"585\" src=\"https:\/\/www.audeux.eu\/wp-content\/uploads\/2022\/10\/Un-miracle-de-Victoria-Mas-roman.jpg\" alt=\"\" data-id=\"705\" data-full-url=\"https:\/\/www.audeux.eu\/wp-content\/uploads\/2022\/10\/Un-miracle-de-Victoria-Mas-roman.jpg\" data-link=\"https:\/\/www.audeux.eu\/index.php\/2022\/10\/25\/bibliotheque_municipale\/un-miracle-de-victoria-mas-roman\/\" class=\"wp-image-705\" srcset=\"https:\/\/www.audeux.eu\/wp-content\/uploads\/2022\/10\/Un-miracle-de-Victoria-Mas-roman.jpg 400w, https:\/\/www.audeux.eu\/wp-content\/uploads\/2022\/10\/Un-miracle-de-Victoria-Mas-roman-205x300.jpg 205w\" sizes=\"(max-width: 400px) 100vw, 400px\" \/><\/figure><\/li><li class=\"blocks-gallery-item\"><figure><img loading=\"lazy\" width=\"600\" height=\"855\" src=\"https:\/\/www.audeux.eu\/wp-content\/uploads\/2022\/10\/Un-profond-sommeil-de-Tiffany-Tyson-roman.jpg\" alt=\"\" data-id=\"706\" data-full-url=\"https:\/\/www.audeux.eu\/wp-content\/uploads\/2022\/10\/Un-profond-sommeil-de-Tiffany-Tyson-roman.jpg\" data-link=\"https:\/\/www.audeux.eu\/index.php\/2022\/10\/25\/bibliotheque_municipale\/un-profond-sommeil-de-tiffany-tyson-roman\/\" class=\"wp-image-706\" srcset=\"https:\/\/www.audeux.eu\/wp-content\/uploads\/2022\/10\/Un-profond-sommeil-de-Tiffany-Tyson-roman.jpg 600w, https:\/\/www.audeux.eu\/wp-content\/uploads\/2022\/10\/Un-profond-sommeil-de-Tiffany-Tyson-roman-211x300.jpg 211w\" sizes=\"(max-width: 600px) 100vw, 600px\" \/><\/figure><\/li><li class=\"blocks-gallery-item\"><figure><img loading=\"lazy\" width=\"489\" height=\"923\" src=\"https:\/\/www.audeux.eu\/wp-content\/uploads\/2022\/10\/Une-heure-de-ferveur-de-Muriel-Barbery-roman.jpg\" alt=\"\" data-id=\"707\" data-full-url=\"https:\/\/www.audeux.eu\/wp-content\/uploads\/2022\/10\/Une-heure-de-ferveur-de-Muriel-Barbery-roman.jpg\" data-link=\"https:\/\/www.audeux.eu\/index.php\/2022\/10\/25\/bibliotheque_municipale\/une-heure-de-ferveur-de-muriel-barbery-roman\/\" class=\"wp-image-707\" srcset=\"https:\/\/www.audeux.eu\/wp-content\/uploads\/2022\/10\/Une-heure-de-ferveur-de-Muriel-Barbery-roman.jpg 489w, https:\/\/www.audeux.eu\/wp-content\/uploads\/2022\/10\/Une-heure-de-ferveur-de-Muriel-Barbery-roman-159x300.jpg 159w\" sizes=\"(max-width: 489px) 100vw, 489px\" \/><\/figure><\/li><li class=\"blocks-gallery-item\"><figure><img loading=\"lazy\" width=\"182\" height=\"277\" src=\"https:\/\/www.audeux.eu\/wp-content\/uploads\/2022\/10\/Blackwater-tome-1-de-Michael-McDowell-fantastique.jpg\" alt=\"\" data-id=\"708\" data-full-url=\"https:\/\/www.audeux.eu\/wp-content\/uploads\/2022\/10\/Blackwater-tome-1-de-Michael-McDowell-fantastique.jpg\" data-link=\"https:\/\/www.audeux.eu\/index.php\/2022\/10\/25\/bibliotheque_municipale\/blackwater-tome-1-de-michael-mcdowell-fantastique\/\" class=\"wp-image-708\" \/><\/figure><\/li><li class=\"blocks-gallery-item\"><figure><img loading=\"lazy\" width=\"186\" height=\"272\" src=\"https:\/\/www.audeux.eu\/wp-content\/uploads\/2022\/10\/Clara-lit-Proust-de-Stephane-Carlier.jpg\" alt=\"\" data-id=\"709\" data-full-url=\"https:\/\/www.audeux.eu\/wp-content\/uploads\/2022\/10\/Clara-lit-Proust-de-Stephane-Carlier.jpg\" data-link=\"https:\/\/www.audeux.eu\/index.php\/2022\/10\/25\/bibliotheque_municipale\/clara-lit-proust-de-stephane-carlier\/\" class=\"wp-image-709\" \/><\/figure><\/li><li class=\"blocks-gallery-item\"><figure><img loading=\"lazy\" width=\"264\" height=\"432\" src=\"https:\/\/www.audeux.eu\/wp-content\/uploads\/2022\/10\/Cupidite-de-Deon-Meyer.jpg\" alt=\"\" data-id=\"736\" data-full-url=\"https:\/\/www.audeux.eu\/wp-content\/uploads\/2022\/10\/Cupidite-de-Deon-Meyer.jpg\" data-link=\"https:\/\/www.audeux.eu\/index.php\/2022\/10\/25\/bibliotheque_municipale\/cupidite-de-deon-meyer\/\" class=\"wp-image-736\" srcset=\"https:\/\/www.audeux.eu\/wp-content\/uploads\/2022\/10\/Cupidite-de-Deon-Meyer.jpg 264w, https:\/\/www.audeux.eu\/wp-content\/uploads\/2022\/10\/Cupidite-de-Deon-Meyer-183x300.jpg 183w\" sizes=\"(max-width: 264px) 100vw, 264px\" \/><\/figure><\/li><li class=\"blocks-gallery-item\"><figure><img loading=\"lazy\" width=\"400\" height=\"608\" src=\"https:\/\/www.audeux.eu\/wp-content\/uploads\/2022\/10\/Faire-bientot-eclater-la-terre-de-Karl-Marlantes-roman.jpg\" alt=\"\" data-id=\"711\" data-full-url=\"https:\/\/www.audeux.eu\/wp-content\/uploads\/2022\/10\/Faire-bientot-eclater-la-terre-de-Karl-Marlantes-roman.jpg\" data-link=\"https:\/\/www.audeux.eu\/index.php\/2022\/10\/25\/bibliotheque_municipale\/faire-bientot-eclater-la-terre-de-karl-marlantes-roman\/\" class=\"wp-image-711\" srcset=\"https:\/\/www.audeux.eu\/wp-content\/uploads\/2022\/10\/Faire-bientot-eclater-la-terre-de-Karl-Marlantes-roman.jpg 400w, https:\/\/www.audeux.eu\/wp-content\/uploads\/2022\/10\/Faire-bientot-eclater-la-terre-de-Karl-Marlantes-roman-197x300.jpg 197w\" sizes=\"(max-width: 400px) 100vw, 400px\" \/><\/figure><\/li><li class=\"blocks-gallery-item\"><figure><img loading=\"lazy\" width=\"600\" height=\"830\" src=\"https:\/\/www.audeux.eu\/wp-content\/uploads\/2022\/10\/Fukuneko-les-chats-du-bonheur-tome-1-manga-jeunesse.jpg\" alt=\"\" data-id=\"712\" data-full-url=\"https:\/\/www.audeux.eu\/wp-content\/uploads\/2022\/10\/Fukuneko-les-chats-du-bonheur-tome-1-manga-jeunesse.jpg\" data-link=\"https:\/\/www.audeux.eu\/index.php\/2022\/10\/25\/bibliotheque_municipale\/fukuneko-les-chats-du-bonheur-tome-1-manga-jeunesse\/\" class=\"wp-image-712\" srcset=\"https:\/\/www.audeux.eu\/wp-content\/uploads\/2022\/10\/Fukuneko-les-chats-du-bonheur-tome-1-manga-jeunesse.jpg 600w, https:\/\/www.audeux.eu\/wp-content\/uploads\/2022\/10\/Fukuneko-les-chats-du-bonheur-tome-1-manga-jeunesse-217x300.jpg 217w\" sizes=\"(max-width: 600px) 100vw, 600px\" \/><\/figure><\/li><li class=\"blocks-gallery-item\"><figure><img loading=\"lazy\" width=\"260\" height=\"328\" src=\"https:\/\/www.audeux.eu\/wp-content\/uploads\/2022\/10\/Glouton-tome-1-BD-jeunesse.jpg\" alt=\"\" data-id=\"713\" data-full-url=\"https:\/\/www.audeux.eu\/wp-content\/uploads\/2022\/10\/Glouton-tome-1-BD-jeunesse.jpg\" data-link=\"https:\/\/www.audeux.eu\/index.php\/2022\/10\/25\/bibliotheque_municipale\/glouton-tome-1-bd-jeunesse\/\" class=\"wp-image-713\" srcset=\"https:\/\/www.audeux.eu\/wp-content\/uploads\/2022\/10\/Glouton-tome-1-BD-jeunesse.jpg 260w, https:\/\/www.audeux.eu\/wp-content\/uploads\/2022\/10\/Glouton-tome-1-BD-jeunesse-238x300.jpg 238w\" sizes=\"(max-width: 260px) 100vw, 260px\" \/><\/figure><\/li><li class=\"blocks-gallery-item\"><figure><img loading=\"lazy\" width=\"497\" height=\"660\" src=\"https:\/\/www.audeux.eu\/wp-content\/uploads\/2022\/10\/La-brigade-des-cauchemars-tome-1-de-Franck-Thilliez-BD-jeunesse.jpg\" alt=\"\" data-id=\"714\" data-full-url=\"https:\/\/www.audeux.eu\/wp-content\/uploads\/2022\/10\/La-brigade-des-cauchemars-tome-1-de-Franck-Thilliez-BD-jeunesse.jpg\" data-link=\"https:\/\/www.audeux.eu\/index.php\/2022\/10\/25\/bibliotheque_municipale\/la-brigade-des-cauchemars-tome-1-de-franck-thilliez-bd-jeunesse\/\" class=\"wp-image-714\" srcset=\"https:\/\/www.audeux.eu\/wp-content\/uploads\/2022\/10\/La-brigade-des-cauchemars-tome-1-de-Franck-Thilliez-BD-jeunesse.jpg 497w, https:\/\/www.audeux.eu\/wp-content\/uploads\/2022\/10\/La-brigade-des-cauchemars-tome-1-de-Franck-Thilliez-BD-jeunesse-226x300.jpg 226w\" sizes=\"(max-width: 497px) 100vw, 497px\" \/><\/figure><\/li><li class=\"blocks-gallery-item\"><figure><img loading=\"lazy\" width=\"520\" height=\"812\" src=\"https:\/\/www.audeux.eu\/wp-content\/uploads\/2022\/10\/La-nuit-des-peres-de-Gaelle-Josse-roman.jpg\" alt=\"\" data-id=\"715\" data-full-url=\"https:\/\/www.audeux.eu\/wp-content\/uploads\/2022\/10\/La-nuit-des-peres-de-Gaelle-Josse-roman.jpg\" data-link=\"https:\/\/www.audeux.eu\/index.php\/2022\/10\/25\/bibliotheque_municipale\/la-nuit-des-peres-de-gaelle-josse-roman\/\" class=\"wp-image-715\" srcset=\"https:\/\/www.audeux.eu\/wp-content\/uploads\/2022\/10\/La-nuit-des-peres-de-Gaelle-Josse-roman.jpg 520w, https:\/\/www.audeux.eu\/wp-content\/uploads\/2022\/10\/La-nuit-des-peres-de-Gaelle-Josse-roman-192x300.jpg 192w\" sizes=\"(max-width: 520px) 100vw, 520px\" \/><\/figure><\/li><li class=\"blocks-gallery-item\"><figure><img loading=\"lazy\" width=\"525\" height=\"660\" src=\"https:\/\/www.audeux.eu\/wp-content\/uploads\/2022\/10\/La-petite-buche-de-Michael-Escoffier-jeunesse.jpg\" alt=\"\" data-id=\"716\" data-full-url=\"https:\/\/www.audeux.eu\/wp-content\/uploads\/2022\/10\/La-petite-buche-de-Michael-Escoffier-jeunesse.jpg\" data-link=\"https:\/\/www.audeux.eu\/index.php\/2022\/10\/25\/bibliotheque_municipale\/la-petite-buche-de-michael-escoffier-jeunesse\/\" class=\"wp-image-716\" srcset=\"https:\/\/www.audeux.eu\/wp-content\/uploads\/2022\/10\/La-petite-buche-de-Michael-Escoffier-jeunesse.jpg 525w, https:\/\/www.audeux.eu\/wp-content\/uploads\/2022\/10\/La-petite-buche-de-Michael-Escoffier-jeunesse-239x300.jpg 239w\" sizes=\"(max-width: 525px) 100vw, 525px\" \/><\/figure><\/li><li class=\"blocks-gallery-item\"><figure><img loading=\"lazy\" width=\"588\" height=\"800\" src=\"https:\/\/www.audeux.eu\/wp-content\/uploads\/2022\/10\/Le-dipoilocus-et-autres-dinosaures-meconnus-jeunesse.jpg\" alt=\"\" data-id=\"717\" data-full-url=\"https:\/\/www.audeux.eu\/wp-content\/uploads\/2022\/10\/Le-dipoilocus-et-autres-dinosaures-meconnus-jeunesse.jpg\" data-link=\"https:\/\/www.audeux.eu\/index.php\/2022\/10\/25\/bibliotheque_municipale\/le-dipoilocus-et-autres-dinosaures-meconnus-jeunesse\/\" class=\"wp-image-717\" srcset=\"https:\/\/www.audeux.eu\/wp-content\/uploads\/2022\/10\/Le-dipoilocus-et-autres-dinosaures-meconnus-jeunesse.jpg 588w, https:\/\/www.audeux.eu\/wp-content\/uploads\/2022\/10\/Le-dipoilocus-et-autres-dinosaures-meconnus-jeunesse-221x300.jpg 221w\" sizes=\"(max-width: 588px) 100vw, 588px\" \/><\/figure><\/li><li class=\"blocks-gallery-item\"><figure><img loading=\"lazy\" width=\"400\" height=\"512\" src=\"https:\/\/www.audeux.eu\/wp-content\/uploads\/2022\/10\/Le-Livre-qui-ne-voulait-pas-etre-lu-de-David-Sundin-roman-jeunesse.jpg\" alt=\"\" data-id=\"718\" data-full-url=\"https:\/\/www.audeux.eu\/wp-content\/uploads\/2022\/10\/Le-Livre-qui-ne-voulait-pas-etre-lu-de-David-Sundin-roman-jeunesse.jpg\" data-link=\"https:\/\/www.audeux.eu\/index.php\/2022\/10\/25\/bibliotheque_municipale\/le-livre-qui-ne-voulait-pas-etre-lu-de-david-sundin-roman-jeunesse\/\" class=\"wp-image-718\" srcset=\"https:\/\/www.audeux.eu\/wp-content\/uploads\/2022\/10\/Le-Livre-qui-ne-voulait-pas-etre-lu-de-David-Sundin-roman-jeunesse.jpg 400w, https:\/\/www.audeux.eu\/wp-content\/uploads\/2022\/10\/Le-Livre-qui-ne-voulait-pas-etre-lu-de-David-Sundin-roman-jeunesse-234x300.jpg 234w\" sizes=\"(max-width: 400px) 100vw, 400px\" \/><\/figure><\/li><li class=\"blocks-gallery-item\"><figure><img loading=\"lazy\" width=\"739\" height=\"1024\" src=\"https:\/\/www.audeux.eu\/wp-content\/uploads\/2022\/10\/Le-Renard-et-le-Petit-Tanuki-tome-1-739x1024.jpg\" alt=\"\" data-id=\"738\" data-full-url=\"https:\/\/www.audeux.eu\/wp-content\/uploads\/2022\/10\/Le-Renard-et-le-Petit-Tanuki-tome-1.jpg\" data-link=\"https:\/\/www.audeux.eu\/index.php\/2022\/10\/25\/bibliotheque_municipale\/le-renard-et-le-petit-tanuki-tome-1\/\" class=\"wp-image-738\" srcset=\"https:\/\/www.audeux.eu\/wp-content\/uploads\/2022\/10\/Le-Renard-et-le-Petit-Tanuki-tome-1-739x1024.jpg 739w, https:\/\/www.audeux.eu\/wp-content\/uploads\/2022\/10\/Le-Renard-et-le-Petit-Tanuki-tome-1-217x300.jpg 217w, https:\/\/www.audeux.eu\/wp-content\/uploads\/2022\/10\/Le-Renard-et-le-Petit-Tanuki-tome-1-768x1064.jpg 768w, https:\/\/www.audeux.eu\/wp-content\/uploads\/2022\/10\/Le-Renard-et-le-Petit-Tanuki-tome-1.jpg 800w\" sizes=\"(max-width: 739px) 100vw, 739px\" \/><\/figure><\/li><li class=\"blocks-gallery-item\"><figure><img loading=\"lazy\" width=\"744\" height=\"1024\" src=\"https:\/\/www.audeux.eu\/wp-content\/uploads\/2022\/10\/Les-carnets-de-Cerise-tome-1-BD-jeunesse-744x1024.jpg\" alt=\"\" data-id=\"720\" data-full-url=\"https:\/\/www.audeux.eu\/wp-content\/uploads\/2022\/10\/Les-carnets-de-Cerise-tome-1-BD-jeunesse.jpg\" data-link=\"https:\/\/www.audeux.eu\/index.php\/2022\/10\/25\/bibliotheque_municipale\/les-carnets-de-cerise-tome-1-bd-jeunesse\/\" class=\"wp-image-720\" srcset=\"https:\/\/www.audeux.eu\/wp-content\/uploads\/2022\/10\/Les-carnets-de-Cerise-tome-1-BD-jeunesse-744x1024.jpg 744w, https:\/\/www.audeux.eu\/wp-content\/uploads\/2022\/10\/Les-carnets-de-Cerise-tome-1-BD-jeunesse-218x300.jpg 218w, https:\/\/www.audeux.eu\/wp-content\/uploads\/2022\/10\/Les-carnets-de-Cerise-tome-1-BD-jeunesse-768x1057.jpg 768w, https:\/\/www.audeux.eu\/wp-content\/uploads\/2022\/10\/Les-carnets-de-Cerise-tome-1-BD-jeunesse-1117x1536.jpg 1117w, https:\/\/www.audeux.eu\/wp-content\/uploads\/2022\/10\/Les-carnets-de-Cerise-tome-1-BD-jeunesse.jpg 1400w\" sizes=\"(max-width: 706px) 89vw, (max-width: 767px) 82vw, 740px\" \/><\/figure><\/li><li class=\"blocks-gallery-item\"><figure><img loading=\"lazy\" width=\"400\" height=\"542\" src=\"https:\/\/www.audeux.eu\/wp-content\/uploads\/2022\/10\/Les-enfants-de-la-resistance-tome-1-BD-jeunesse.jpg\" alt=\"\" data-id=\"721\" data-full-url=\"https:\/\/www.audeux.eu\/wp-content\/uploads\/2022\/10\/Les-enfants-de-la-resistance-tome-1-BD-jeunesse.jpg\" data-link=\"https:\/\/www.audeux.eu\/index.php\/2022\/10\/25\/bibliotheque_municipale\/les-enfants-de-la-resistance-tome-1-bd-jeunesse\/\" class=\"wp-image-721\" srcset=\"https:\/\/www.audeux.eu\/wp-content\/uploads\/2022\/10\/Les-enfants-de-la-resistance-tome-1-BD-jeunesse.jpg 400w, https:\/\/www.audeux.eu\/wp-content\/uploads\/2022\/10\/Les-enfants-de-la-resistance-tome-1-BD-jeunesse-221x300.jpg 221w\" sizes=\"(max-width: 400px) 100vw, 400px\" \/><\/figure><\/li><li class=\"blocks-gallery-item\"><figure><img loading=\"lazy\" width=\"675\" height=\"1024\" src=\"https:\/\/www.audeux.eu\/wp-content\/uploads\/2022\/10\/Les-Vertueux-de-Yasmina-Khadra-roman-675x1024.jpg\" alt=\"\" data-id=\"722\" data-full-url=\"https:\/\/www.audeux.eu\/wp-content\/uploads\/2022\/10\/Les-Vertueux-de-Yasmina-Khadra-roman.jpg\" data-link=\"https:\/\/www.audeux.eu\/index.php\/2022\/10\/25\/bibliotheque_municipale\/les-vertueux-de-yasmina-khadra-roman\/\" class=\"wp-image-722\" srcset=\"https:\/\/www.audeux.eu\/wp-content\/uploads\/2022\/10\/Les-Vertueux-de-Yasmina-Khadra-roman-675x1024.jpg 675w, https:\/\/www.audeux.eu\/wp-content\/uploads\/2022\/10\/Les-Vertueux-de-Yasmina-Khadra-roman-198x300.jpg 198w, https:\/\/www.audeux.eu\/wp-content\/uploads\/2022\/10\/Les-Vertueux-de-Yasmina-Khadra-roman-768x1165.jpg 768w, https:\/\/www.audeux.eu\/wp-content\/uploads\/2022\/10\/Les-Vertueux-de-Yasmina-Khadra-roman.jpg 856w\" sizes=\"(max-width: 675px) 100vw, 675px\" \/><\/figure><\/li><li class=\"blocks-gallery-item\"><figure><img loading=\"lazy\" width=\"400\" height=\"592\" src=\"https:\/\/www.audeux.eu\/wp-content\/uploads\/2022\/10\/Lightfall-tome-1-BD-jeunesse.jpg\" alt=\"\" data-id=\"723\" data-full-url=\"https:\/\/www.audeux.eu\/wp-content\/uploads\/2022\/10\/Lightfall-tome-1-BD-jeunesse.jpg\" data-link=\"https:\/\/www.audeux.eu\/index.php\/2022\/10\/25\/bibliotheque_municipale\/lightfall-tome-1-bd-jeunesse\/\" class=\"wp-image-723\" srcset=\"https:\/\/www.audeux.eu\/wp-content\/uploads\/2022\/10\/Lightfall-tome-1-BD-jeunesse.jpg 400w, https:\/\/www.audeux.eu\/wp-content\/uploads\/2022\/10\/Lightfall-tome-1-BD-jeunesse-203x300.jpg 203w\" sizes=\"(max-width: 400px) 100vw, 400px\" \/><\/figure><\/li><li class=\"blocks-gallery-item\"><figure><img loading=\"lazy\" width=\"351\" height=\"660\" src=\"https:\/\/www.audeux.eu\/wp-content\/uploads\/2022\/10\/Lile-haute-de-Valentine-Goby-roman.jpg\" alt=\"\" data-id=\"724\" data-full-url=\"https:\/\/www.audeux.eu\/wp-content\/uploads\/2022\/10\/Lile-haute-de-Valentine-Goby-roman.jpg\" data-link=\"https:\/\/www.audeux.eu\/index.php\/2022\/10\/25\/bibliotheque_municipale\/lile-haute-de-valentine-goby-roman\/\" class=\"wp-image-724\" srcset=\"https:\/\/www.audeux.eu\/wp-content\/uploads\/2022\/10\/Lile-haute-de-Valentine-Goby-roman.jpg 351w, https:\/\/www.audeux.eu\/wp-content\/uploads\/2022\/10\/Lile-haute-de-Valentine-Goby-roman-160x300.jpg 160w\" sizes=\"(max-width: 351px) 100vw, 351px\" \/><\/figure><\/li><li class=\"blocks-gallery-item\"><figure><img loading=\"lazy\" width=\"341\" height=\"500\" src=\"https:\/\/www.audeux.eu\/wp-content\/uploads\/2022\/10\/Linventeur-de-Miguel-Bonnefoy-roman.jpg\" alt=\"\" data-id=\"725\" data-full-url=\"https:\/\/www.audeux.eu\/wp-content\/uploads\/2022\/10\/Linventeur-de-Miguel-Bonnefoy-roman.jpg\" data-link=\"https:\/\/www.audeux.eu\/index.php\/2022\/10\/25\/bibliotheque_municipale\/linventeur-de-miguel-bonnefoy-roman\/\" class=\"wp-image-725\" srcset=\"https:\/\/www.audeux.eu\/wp-content\/uploads\/2022\/10\/Linventeur-de-Miguel-Bonnefoy-roman.jpg 341w, https:\/\/www.audeux.eu\/wp-content\/uploads\/2022\/10\/Linventeur-de-Miguel-Bonnefoy-roman-205x300.jpg 205w\" sizes=\"(max-width: 341px) 100vw, 341px\" \/><\/figure><\/li><li class=\"blocks-gallery-item\"><figure><img loading=\"lazy\" width=\"703\" height=\"1024\" src=\"https:\/\/www.audeux.eu\/wp-content\/uploads\/2022\/10\/Lucia-de-Bernard-Minier-roman-thriller-703x1024.jpg\" alt=\"\" data-id=\"727\" data-full-url=\"https:\/\/www.audeux.eu\/wp-content\/uploads\/2022\/10\/Lucia-de-Bernard-Minier-roman-thriller.jpg\" data-link=\"https:\/\/www.audeux.eu\/index.php\/2022\/10\/25\/bibliotheque_municipale\/lucia-de-bernard-minier-roman-thriller\/\" class=\"wp-image-727\" srcset=\"https:\/\/www.audeux.eu\/wp-content\/uploads\/2022\/10\/Lucia-de-Bernard-Minier-roman-thriller-703x1024.jpg 703w, https:\/\/www.audeux.eu\/wp-content\/uploads\/2022\/10\/Lucia-de-Bernard-Minier-roman-thriller-206x300.jpg 206w, https:\/\/www.audeux.eu\/wp-content\/uploads\/2022\/10\/Lucia-de-Bernard-Minier-roman-thriller-768x1118.jpg 768w, https:\/\/www.audeux.eu\/wp-content\/uploads\/2022\/10\/Lucia-de-Bernard-Minier-roman-thriller-1055x1536.jpg 1055w, https:\/\/www.audeux.eu\/wp-content\/uploads\/2022\/10\/Lucia-de-Bernard-Minier-roman-thriller-1406x2048.jpg 1406w, https:\/\/www.audeux.eu\/wp-content\/uploads\/2022\/10\/Lucia-de-Bernard-Minier-roman-thriller.jpg 1758w\" sizes=\"(max-width: 703px) 100vw, 703px\" \/><\/figure><\/li><li class=\"blocks-gallery-item\"><figure><img loading=\"lazy\" width=\"400\" height=\"529\" src=\"https:\/\/www.audeux.eu\/wp-content\/uploads\/2022\/10\/Petit-poilu-tome-27-BD-jeunesse.jpg\" alt=\"\" data-id=\"728\" data-full-url=\"https:\/\/www.audeux.eu\/wp-content\/uploads\/2022\/10\/Petit-poilu-tome-27-BD-jeunesse.jpg\" data-link=\"https:\/\/www.audeux.eu\/index.php\/2022\/10\/25\/bibliotheque_municipale\/petit-poilu-tome-27-bd-jeunesse\/\" class=\"wp-image-728\" srcset=\"https:\/\/www.audeux.eu\/wp-content\/uploads\/2022\/10\/Petit-poilu-tome-27-BD-jeunesse.jpg 400w, https:\/\/www.audeux.eu\/wp-content\/uploads\/2022\/10\/Petit-poilu-tome-27-BD-jeunesse-227x300.jpg 227w\" sizes=\"(max-width: 400px) 100vw, 400px\" \/><\/figure><\/li><li class=\"blocks-gallery-item\"><figure><img loading=\"lazy\" width=\"700\" height=\"1024\" src=\"https:\/\/www.audeux.eu\/wp-content\/uploads\/2022\/10\/Quelque-chose-a-te-dire-de-Carole-Fives-roman-700x1024.jpg\" alt=\"\" data-id=\"729\" data-full-url=\"https:\/\/www.audeux.eu\/wp-content\/uploads\/2022\/10\/Quelque-chose-a-te-dire-de-Carole-Fives-roman.jpg\" data-link=\"https:\/\/www.audeux.eu\/index.php\/2022\/10\/25\/bibliotheque_municipale\/quelque-chose-a-te-dire-de-carole-fives-roman\/\" class=\"wp-image-729\" srcset=\"https:\/\/www.audeux.eu\/wp-content\/uploads\/2022\/10\/Quelque-chose-a-te-dire-de-Carole-Fives-roman-700x1024.jpg 700w, https:\/\/www.audeux.eu\/wp-content\/uploads\/2022\/10\/Quelque-chose-a-te-dire-de-Carole-Fives-roman-205x300.jpg 205w, https:\/\/www.audeux.eu\/wp-content\/uploads\/2022\/10\/Quelque-chose-a-te-dire-de-Carole-Fives-roman.jpg 768w\" sizes=\"(max-width: 700px) 100vw, 700px\" \/><\/figure><\/li><\/ul><\/figure>\n<!-- \/wp:gallery --><\/div>\n<!-- \/wp:column --><\/div>\n<!-- \/wp:columns --><\/div><\/li>\n<\/ul>","protected":false},"excerpt":{"rendered":"<p>9&nbsp;Grande Rue 25170 AudeuxSite :&nbsp;http:\/\/new.mabib.fr\/audeux\/Mail :&nbsp;bibliotheque.audeux@ikmail.com<\/p>\n","protected":false},"author":1,"featured_media":0,"parent":0,"menu_order":0,"comment_status":"closed","ping_status":"closed","template":"","meta":[],"folder":[],"_links":{"self":[{"href":"https:\/\/www.audeux.eu\/index.php\/wp-json\/wp\/v2\/pages\/760"}],"collection":[{"href":"https:\/\/www.audeux.eu\/index.php\/wp-json\/wp\/v2\/pages"}],"about":[{"href":"https:\/\/www.audeux.eu\/index.php\/wp-json\/wp\/v2\/types\/page"}],"author":[{"embeddable":true,"href":"https:\/\/www.audeux.eu\/index.php\/wp-json\/wp\/v2\/users\/1"}],"replies":[{"embeddable":true,"href":"https:\/\/www.audeux.eu\/index.php\/wp-json\/wp\/v2\/comments?post=760"}],"version-history":[{"count":13,"href":"https:\/\/www.audeux.eu\/index.php\/wp-json\/wp\/v2\/pages\/760\/revisions"}],"predecessor-version":[{"id":1099,"href":"https:\/\/www.audeux.eu\/index.php\/wp-json\/wp\/v2\/pages\/760\/revisions\/1099"}],"wp:attachment":[{"href":"https:\/\/www.audeux.eu\/index.php\/wp-json\/wp\/v2\/media?parent=760"}],"wp:term":[{"taxonomy":"folder","embeddable":true,"href":"https:\/\/www.audeux.eu\/index.php\/wp-json\/wp\/v2\/folder?post=760"}],"curies":[{"name":"wp","href":"https:\/\/api.w.org\/{rel}","templated":true}]}}